{"id":27921,"date":"2025-03-26T15:27:42","date_gmt":"2025-03-26T15:27:42","guid":{"rendered":"https:\/\/missionnairesmontfortains.fr\/sitevaovao\/?page_id=27921"},"modified":"2025-03-26T15:39:32","modified_gmt":"2025-03-26T15:39:32","slug":"notre-dame-du-marillais","status":"publish","type":"page","link":"https:\/\/missionnairesmontfortains.fr\/sitevaovao\/notre-dame-du-marillais\/","title":{"rendered":"Notre-Dame du Marillais"},"content":{"rendered":"\t\t<div data-elementor-type=\"wp-page\" data-elementor-id=\"27921\" class=\"elementor elementor-27921\">\n\t\t\t\t<div class=\"elementor-element elementor-element-4c2929a1 e-flex e-con-boxed e-con e-parent\" data-id=\"4c2929a1\" data-element_type=\"container\" data-e-type=\"container\">\n\t\t\t\t\t<div class=\"e-con-inner\">\n\t\t\t\t<div class=\"elementor-element elementor-element-48b824ee elementor-widget elementor-widget-spacer\" data-id=\"48b824ee\" data-element_type=\"widget\" data-e-type=\"widget\" data-widget_type=\"spacer.default\">\n\t\t\t\t<div class=\"elementor-widget-container\">\n\t\t\t\t\t\t\t<div class=\"elementor-spacer\">\n\t\t\t<div class=\"elementor-spacer-inner\"><\/div>\n\t\t<\/div>\n\t\t\t\t\t\t<\/div>\n\t\t\t\t<\/div>\n\t\t\t\t\t<\/div>\n\t\t\t\t<\/div>\n\t\t\t\t<section class=\"elementor-section elementor-top-section elementor-element elementor-element-552bb975 elementor-section-boxed elementor-section-height-default elementor-section-height-default\" data-id=\"552bb975\" data-element_type=\"section\" data-e-type=\"section\" data-settings=\"{&quot;background_background&quot;:&quot;classic&quot;}\">\n\t\t\t\t\t\t<div class=\"elementor-container elementor-column-gap-no\">\n\t\t\t\t\t<div class=\"elementor-column elementor-col-100 elementor-top-column elementor-element elementor-element-7a363e07\" data-id=\"7a363e07\" data-element_type=\"column\" data-e-type=\"column\">\n\t\t\t<div class=\"elementor-widget-wrap elementor-element-populated\">\n\t\t\t\t\t\t<div class=\"elementor-element elementor-element-30fafb6 elementor-widget elementor-widget-heading\" data-id=\"30fafb6\" data-element_type=\"widget\" data-e-type=\"widget\" data-widget_type=\"heading.default\">\n\t\t\t\t<div class=\"elementor-widget-container\">\n\t\t\t\t\t<h2 class=\"elementor-heading-title elementor-size-default\">Communaut\u00e9 Notre-Dame du Marillais<\/h2>\t\t\t\t<\/div>\n\t\t\t\t<\/div>\n\t\t\t\t<div class=\"elementor-element elementor-element-1d6d4211 elementor-widget elementor-widget-text-editor\" data-id=\"1d6d4211\" data-element_type=\"widget\" data-e-type=\"widget\" data-widget_type=\"text-editor.default\">\n\t\t\t\t<div class=\"elementor-widget-container\">\n\t\t\t\t\t\t\t\t\t<p class=\"b_lineclamp2\">113 rue du Vieux Bourg &#8211; 49410 Le Marillais<\/p>\t\t\t\t\t\t\t\t<\/div>\n\t\t\t\t<\/div>\n\t\t\t\t<section class=\"elementor-section elementor-inner-section elementor-element elementor-element-7e1fe9f3 elementor-section-content-middle elementor-section-boxed elementor-section-height-default elementor-section-height-default\" data-id=\"7e1fe9f3\" data-element_type=\"section\" data-e-type=\"section\">\n\t\t\t\t\t\t<div class=\"elementor-container elementor-column-gap-no\">\n\t\t\t\t\t<div class=\"elementor-column elementor-col-66 elementor-inner-column elementor-element elementor-element-405e250e\" data-id=\"405e250e\" data-element_type=\"column\" data-e-type=\"column\">\n\t\t\t<div class=\"elementor-widget-wrap elementor-element-populated\">\n\t\t\t\t\t\t<div class=\"elementor-element elementor-element-3dbb7b8b elementor-widget elementor-widget-image\" data-id=\"3dbb7b8b\" data-element_type=\"widget\" data-e-type=\"widget\" data-widget_type=\"image.default\">\n\t\t\t\t<div class=\"elementor-widget-container\">\n\t\t\t\t\t\t\t\t\t\t\t\t\t\t\t<img fetchpriority=\"high\" decoding=\"async\" width=\"1024\" height=\"461\" src=\"https:\/\/missionnairesmontfortains.fr\/sitevaovao\/wp-content\/uploads\/2024\/12\/d1lnKhgkz8q7IXrg1kltjC08VNB4xasY9Mp9HeyPDOc_plaintext_638345316270708924-1024x461.jpg\" class=\"attachment-large size-large wp-image-25675\" alt=\"\" srcset=\"https:\/\/missionnairesmontfortains.fr\/sitevaovao\/wp-content\/uploads\/2024\/12\/d1lnKhgkz8q7IXrg1kltjC08VNB4xasY9Mp9HeyPDOc_plaintext_638345316270708924-1024x461.jpg 1024w, https:\/\/missionnairesmontfortains.fr\/sitevaovao\/wp-content\/uploads\/2024\/12\/d1lnKhgkz8q7IXrg1kltjC08VNB4xasY9Mp9HeyPDOc_plaintext_638345316270708924-600x270.jpg 600w, https:\/\/missionnairesmontfortains.fr\/sitevaovao\/wp-content\/uploads\/2024\/12\/d1lnKhgkz8q7IXrg1kltjC08VNB4xasY9Mp9HeyPDOc_plaintext_638345316270708924-300x135.jpg 300w, https:\/\/missionnairesmontfortains.fr\/sitevaovao\/wp-content\/uploads\/2024\/12\/d1lnKhgkz8q7IXrg1kltjC08VNB4xasY9Mp9HeyPDOc_plaintext_638345316270708924-768x346.jpg 768w, https:\/\/missionnairesmontfortains.fr\/sitevaovao\/wp-content\/uploads\/2024\/12\/d1lnKhgkz8q7IXrg1kltjC08VNB4xasY9Mp9HeyPDOc_plaintext_638345316270708924-1536x692.jpg 1536w, https:\/\/missionnairesmontfortains.fr\/sitevaovao\/wp-content\/uploads\/2024\/12\/d1lnKhgkz8q7IXrg1kltjC08VNB4xasY9Mp9HeyPDOc_plaintext_638345316270708924.jpg 1600w\" sizes=\"(max-width: 1024px) 100vw, 1024px\" \/>\t\t\t\t\t\t\t\t\t\t\t\t\t\t\t<\/div>\n\t\t\t\t<\/div>\n\t\t\t\t\t<\/div>\n\t\t<\/div>\n\t\t\t\t<div class=\"elementor-column elementor-col-33 elementor-inner-column elementor-element elementor-element-6c91ec5d\" data-id=\"6c91ec5d\" data-element_type=\"column\" data-e-type=\"column\" data-settings=\"{&quot;background_background&quot;:&quot;classic&quot;}\">\n\t\t\t<div class=\"elementor-widget-wrap elementor-element-populated\">\n\t\t\t\t\t\t<div class=\"elementor-element elementor-element-207647cc elementor-widget elementor-widget-heading\" data-id=\"207647cc\" data-element_type=\"widget\" data-e-type=\"widget\" data-widget_type=\"heading.default\">\n\t\t\t\t<div class=\"elementor-widget-container\">\n\t\t\t\t\t<h4 class=\"elementor-heading-title elementor-size-default\">Communaut\u00e9 internationale<\/h4>\t\t\t\t<\/div>\n\t\t\t\t<\/div>\n\t\t\t\t<div class=\"elementor-element elementor-element-e4f5650 elementor-widget-divider--view-line elementor-widget elementor-widget-divider\" data-id=\"e4f5650\" data-element_type=\"widget\" data-e-type=\"widget\" data-widget_type=\"divider.default\">\n\t\t\t\t<div class=\"elementor-widget-container\">\n\t\t\t\t\t\t\t<div class=\"elementor-divider\">\n\t\t\t<span class=\"elementor-divider-separator\">\n\t\t\t\t\t\t<\/span>\n\t\t<\/div>\n\t\t\t\t\t\t<\/div>\n\t\t\t\t<\/div>\n\t\t\t\t<div class=\"elementor-element elementor-element-130ec52d elementor-widget elementor-widget-text-editor\" data-id=\"130ec52d\" data-element_type=\"widget\" data-e-type=\"widget\" data-widget_type=\"text-editor.default\">\n\t\t\t\t<div class=\"elementor-widget-container\">\n\t\t\t\t\t\t\t\t\t<p>Le Fr Armand, smm r\u00e9f\u00e9rent de la communaut\u00e9 et toute la communaut\u00e9 vous acceuille dans ce lieu marial o\u00f9 la d\u00e9votion \u00e0 Marie telle qu&rsquo;Il voulait le P\u00e8re de Montfort s&rsquo;incarne.<\/p>\t\t\t\t\t\t\t\t<\/div>\n\t\t\t\t<\/div>\n\t\t\t\t<div class=\"elementor-element elementor-element-4318b3f0 elementor-align-left elementor-mobile-align-center elementor-widget elementor-widget-button\" data-id=\"4318b3f0\" data-element_type=\"widget\" data-e-type=\"widget\" data-widget_type=\"button.default\">\n\t\t\t\t<div class=\"elementor-widget-container\">\n\t\t\t\t\t\t\t\t\t<div class=\"elementor-button-wrapper\">\n\t\t\t\t\t<a class=\"elementor-button elementor-button-link elementor-size-sm\" href=\"#\">\n\t\t\t\t\t\t<span class=\"elementor-button-content-wrapper\">\n\t\t\t\t\t\t\t\t\t<span class=\"elementor-button-text\">Contactez la communaut\u00e9<\/span>\n\t\t\t\t\t<\/span>\n\t\t\t\t\t<\/a>\n\t\t\t\t<\/div>\n\t\t\t\t\t\t\t\t<\/div>\n\t\t\t\t<\/div>\n\t\t\t\t\t<\/div>\n\t\t<\/div>\n\t\t\t\t\t<\/div>\n\t\t<\/section>\n\t\t\t\t<section class=\"elementor-section elementor-inner-section elementor-element elementor-element-138fb99 elementor-section-content-middle elementor-reverse-tablet elementor-reverse-mobile elementor-section-boxed elementor-section-height-default elementor-section-height-default\" data-id=\"138fb99\" data-element_type=\"section\" data-e-type=\"section\">\n\t\t\t\t\t\t<div class=\"elementor-container elementor-column-gap-no\">\n\t\t\t\t\t<div class=\"elementor-column elementor-col-33 elementor-inner-column elementor-element elementor-element-2b231ac3\" data-id=\"2b231ac3\" data-element_type=\"column\" data-e-type=\"column\" data-settings=\"{&quot;background_background&quot;:&quot;classic&quot;}\">\n\t\t\t<div class=\"elementor-widget-wrap elementor-element-populated\">\n\t\t\t\t\t\t<div class=\"elementor-element elementor-element-2b9b3c29 elementor-widget elementor-widget-heading\" data-id=\"2b9b3c29\" data-element_type=\"widget\" data-e-type=\"widget\" data-widget_type=\"heading.default\">\n\t\t\t\t<div class=\"elementor-widget-container\">\n\t\t\t\t\t<h3 class=\"elementor-heading-title elementor-size-default\">Sanctuaire Notre-Dame du Marillais<\/h3>\t\t\t\t<\/div>\n\t\t\t\t<\/div>\n\t\t\t\t<div class=\"elementor-element elementor-element-68d702a5 elementor-widget-divider--view-line elementor-widget elementor-widget-divider\" data-id=\"68d702a5\" data-element_type=\"widget\" data-e-type=\"widget\" data-widget_type=\"divider.default\">\n\t\t\t\t<div class=\"elementor-widget-container\">\n\t\t\t\t\t\t\t<div class=\"elementor-divider\">\n\t\t\t<span class=\"elementor-divider-separator\">\n\t\t\t\t\t\t<\/span>\n\t\t<\/div>\n\t\t\t\t\t\t<\/div>\n\t\t\t\t<\/div>\n\t\t\t\t<div class=\"elementor-element elementor-element-60c8c886 elementor-widget elementor-widget-text-editor\" data-id=\"60c8c886\" data-element_type=\"widget\" data-e-type=\"widget\" data-widget_type=\"text-editor.default\">\n\t\t\t\t<div class=\"elementor-widget-container\">\n\t\t\t\t\t\t\t\t\t<p>\u00a0Le p\u00e8re Jean-Didereau, smm, recteur et les pr\u00eatres coop\u00e9rateurs, avec tous les la\u00efcs engag\u00e9s vous accueillent dans cette Chapelle o\u00f9 Marie continue de nous attirer \u00e0\u00a0 son Fils J\u00e9sus en nous disant comme \u00e0 Cana : \u00ab\u00a0Tout ce qu&rsquo;il vous dira, faites-le\u00a0\u00bb<\/p>\t\t\t\t\t\t\t\t<\/div>\n\t\t\t\t<\/div>\n\t\t\t\t<div class=\"elementor-element elementor-element-646afda3 elementor-align-right elementor-mobile-align-center elementor-widget elementor-widget-button\" data-id=\"646afda3\" data-element_type=\"widget\" data-e-type=\"widget\" data-widget_type=\"button.default\">\n\t\t\t\t<div class=\"elementor-widget-container\">\n\t\t\t\t\t\t\t\t\t<div class=\"elementor-button-wrapper\">\n\t\t\t\t\t<a class=\"elementor-button elementor-button-link elementor-size-sm\" href=\"#\">\n\t\t\t\t\t\t<span class=\"elementor-button-content-wrapper\">\n\t\t\t\t\t\t\t\t\t<span class=\"elementor-button-text\">Contactez le Sanctuaire<\/span>\n\t\t\t\t\t<\/span>\n\t\t\t\t\t<\/a>\n\t\t\t\t<\/div>\n\t\t\t\t\t\t\t\t<\/div>\n\t\t\t\t<\/div>\n\t\t\t\t\t<\/div>\n\t\t<\/div>\n\t\t\t\t<div class=\"elementor-column elementor-col-66 elementor-inner-column elementor-element elementor-element-67f58103\" data-id=\"67f58103\" data-element_type=\"column\" data-e-type=\"column\">\n\t\t\t<div class=\"elementor-widget-wrap elementor-element-populated\">\n\t\t\t\t\t\t<div class=\"elementor-element elementor-element-6ff7fad2 elementor-widget elementor-widget-image\" data-id=\"6ff7fad2\" data-element_type=\"widget\" data-e-type=\"widget\" data-widget_type=\"image.default\">\n\t\t\t\t<div class=\"elementor-widget-container\">\n\t\t\t\t\t\t\t\t\t\t\t\t\t\t\t<img decoding=\"async\" width=\"1024\" height=\"769\" src=\"https:\/\/missionnairesmontfortains.fr\/sitevaovao\/wp-content\/uploads\/2025\/03\/20240521_120502-1024x769.jpg\" class=\"attachment-large size-large wp-image-27344\" alt=\"\" srcset=\"https:\/\/missionnairesmontfortains.fr\/sitevaovao\/wp-content\/uploads\/2025\/03\/20240521_120502-1024x769.jpg 1024w, https:\/\/missionnairesmontfortains.fr\/sitevaovao\/wp-content\/uploads\/2025\/03\/20240521_120502-300x225.jpg 300w, https:\/\/missionnairesmontfortains.fr\/sitevaovao\/wp-content\/uploads\/2025\/03\/20240521_120502-768x577.jpg 768w, https:\/\/missionnairesmontfortains.fr\/sitevaovao\/wp-content\/uploads\/2025\/03\/20240521_120502.jpg 1216w\" sizes=\"(max-width: 1024px) 100vw, 1024px\" \/>\t\t\t\t\t\t\t\t\t\t\t\t\t\t\t<\/div>\n\t\t\t\t<\/div>\n\t\t\t\t\t<\/div>\n\t\t<\/div>\n\t\t\t\t\t<\/div>\n\t\t<\/section>\n\t\t\t\t\t<\/div>\n\t\t<\/div>\n\t\t\t\t\t<\/div>\n\t\t<\/section>\n\t\t<div class=\"elementor-element elementor-element-47be090d e-flex e-con-boxed e-con e-parent\" data-id=\"47be090d\" data-element_type=\"container\" data-e-type=\"container\">\n\t\t\t\t\t<div class=\"e-con-inner\">\n\t\t\t\t<div class=\"elementor-element elementor-element-71ba416a elementor-widget-divider--view-line elementor-widget elementor-widget-divider\" data-id=\"71ba416a\" data-element_type=\"widget\" data-e-type=\"widget\" data-widget_type=\"divider.default\">\n\t\t\t\t<div class=\"elementor-widget-container\">\n\t\t\t\t\t\t\t<div class=\"elementor-divider\">\n\t\t\t<span class=\"elementor-divider-separator\">\n\t\t\t\t\t\t<\/span>\n\t\t<\/div>\n\t\t\t\t\t\t<\/div>\n\t\t\t\t<\/div>\n\t\t\t\t\t<\/div>\n\t\t\t\t<\/div>\n\t\t<div class=\"elementor-element elementor-element-3f79f184 e-flex e-con-boxed e-con e-parent\" data-id=\"3f79f184\" data-element_type=\"container\" data-e-type=\"container\">\n\t\t\t\t\t<div class=\"e-con-inner\">\n\t\t<div class=\"elementor-element elementor-element-760bce87 e-con-full e-flex e-con e-child\" data-id=\"760bce87\" data-element_type=\"container\" data-e-type=\"container\">\n\t\t\t\t<div class=\"elementor-element elementor-element-389361ce elementor-widget elementor-widget-google_maps\" data-id=\"389361ce\" data-element_type=\"widget\" data-e-type=\"widget\" data-widget_type=\"google_maps.default\">\n\t\t\t\t<div class=\"elementor-widget-container\">\n\t\t\t\t\t\t\t<div class=\"elementor-custom-embed\">\n\t\t\t<iframe loading=\"lazy\"\n\t\t\t\t\tsrc=\"https:\/\/maps.google.com\/maps?q=Notre%20Dame%20du%20Marillais&#038;t=m&#038;z=9&#038;output=embed&#038;iwloc=near\"\n\t\t\t\t\ttitle=\"Notre Dame du Marillais\"\n\t\t\t\t\taria-label=\"Notre Dame du Marillais\"\n\t\t\t><\/iframe>\n\t\t<\/div>\n\t\t\t\t\t\t<\/div>\n\t\t\t\t<\/div>\n\t\t\t\t<\/div>\n\t\t<div class=\"elementor-element elementor-element-42dc528f e-con-full e-flex e-con e-child\" data-id=\"42dc528f\" data-element_type=\"container\" data-e-type=\"container\">\n\t\t\t\t<\/div>\n\t\t\t\t\t<\/div>\n\t\t\t\t<\/div>\n\t\t\t\t<\/div>\n\t\t","protected":false},"excerpt":{"rendered":"<p>Communaut\u00e9 Notre-Dame du Marillais 113 rue du Vieux Bourg &#8211; 49410 Le Marillais Communaut\u00e9 internationale Le Fr Armand, smm r\u00e9f\u00e9rent de la communaut\u00e9 et toute la communaut\u00e9 vous acceuille dans ce lieu marial o\u00f9 la d\u00e9votion \u00e0 Marie telle qu&rsquo;Il voulait le P\u00e8re de Montfort s&rsquo;incarne. Contactez la communaut\u00e9 Sanctuaire Notre-Dame du Marillais \u00a0Le p\u00e8re [&hellip;]<\/p>\n","protected":false},"author":1,"featured_media":0,"parent":0,"menu_order":0,"comment_status":"closed","ping_status":"closed","template":"","meta":{"content-type":"","_uag_custom_page_level_css":"","site-sidebar-layout":"no-sidebar","site-content-layout":"page-builder","ast-site-content-layout":"full-width-container","site-content-style":"default","site-sidebar-style":"default","ast-global-header-display":"","ast-banner-title-visibility":"","ast-main-header-display":"","ast-hfb-above-header-display":"","ast-hfb-below-header-display":"","ast-hfb-mobile-header-display":"","site-post-title":"disabled","ast-breadcrumbs-content":"","ast-featured-img":"disabled","footer-sml-layout":"","theme-transparent-header-meta":"","adv-header-id-meta":"","stick-header-meta":"","header-above-stick-meta":"","header-main-stick-meta":"","header-below-stick-meta":"","astra-migrate-meta-layouts":"default","ast-page-background-enabled":"default","ast-page-background-meta":{"desktop":{"background-color":"","background-image":"","background-repeat":"repeat","background-position":"center center","background-size":"auto","background-attachment":"scroll","background-type":"","background-media":"","overlay-type":"","overlay-color":"","overlay-opacity":"","overlay-gradient":""},"tablet":{"background-color":"","background-image":"","background-repeat":"repeat","background-position":"center center","background-size":"auto","background-attachment":"scroll","background-type":"","background-media":"","overlay-type":"","overlay-color":"","overlay-opacity":"","overlay-gradient":""},"mobile":{"background-color":"","background-image":"","background-repeat":"repeat","background-position":"center center","background-size":"auto","background-attachment":"scroll","background-type":"","background-media":"","overlay-type":"","overlay-color":"","overlay-opacity":"","overlay-gradient":""}},"ast-content-background-meta":{"desktop":{"background-color":"var(--ast-global-color-5)","background-image":"","background-repeat":"repeat","background-position":"center center","background-size":"auto","background-attachment":"scroll","background-type":"","background-media":"","overlay-type":"","overlay-color":"","overlay-opacity":"","overlay-gradient":""},"tablet":{"background-color":"var(--ast-global-color-5)","background-image":"","background-repeat":"repeat","background-position":"center center","background-size":"auto","background-attachment":"scroll","background-type":"","background-media":"","overlay-type":"","overlay-color":"","overlay-opacity":"","overlay-gradient":""},"mobile":{"background-color":"var(--ast-global-color-5)","background-image":"","background-repeat":"repeat","background-position":"center center","background-size":"auto","background-attachment":"scroll","background-type":"","background-media":"","overlay-type":"","overlay-color":"","overlay-opacity":"","overlay-gradient":""}},"footnotes":""},"class_list":["post-27921","page","type-page","status-publish","hentry"],"uagb_featured_image_src":{"full":false,"thumbnail":false,"medium":false,"medium_large":false,"large":false,"1536x1536":false,"2048x2048":false},"uagb_author_info":{"display_name":"olivier","author_link":""},"uagb_comment_info":0,"uagb_excerpt":"Communaut\u00e9 Notre-Dame du Marillais 113 rue du Vieux Bourg &#8211; 49410 Le Marillais Communaut\u00e9 internationale Le Fr Armand, smm r\u00e9f\u00e9rent de la communaut\u00e9 et toute la communaut\u00e9 vous acceuille dans ce lieu marial o\u00f9 la d\u00e9votion \u00e0 Marie telle qu&rsquo;Il voulait le P\u00e8re de Montfort s&rsquo;incarne. Contactez la communaut\u00e9 Sanctuaire Notre-Dame du Marillais \u00a0Le p\u00e8re\u2026","_links":{"self":[{"href":"https:\/\/missionnairesmontfortains.fr\/sitevaovao\/wp-json\/wp\/v2\/pages\/27921","targetHints":{"allow":["GET"]}}],"collection":[{"href":"https:\/\/missionnairesmontfortains.fr\/sitevaovao\/wp-json\/wp\/v2\/pages"}],"about":[{"href":"https:\/\/missionnairesmontfortains.fr\/sitevaovao\/wp-json\/wp\/v2\/types\/page"}],"author":[{"embeddable":true,"href":"https:\/\/missionnairesmontfortains.fr\/sitevaovao\/wp-json\/wp\/v2\/users\/1"}],"replies":[{"embeddable":true,"href":"https:\/\/missionnairesmontfortains.fr\/sitevaovao\/wp-json\/wp\/v2\/comments?post=27921"}],"version-history":[{"count":10,"href":"https:\/\/missionnairesmontfortains.fr\/sitevaovao\/wp-json\/wp\/v2\/pages\/27921\/revisions"}],"predecessor-version":[{"id":27933,"href":"https:\/\/missionnairesmontfortains.fr\/sitevaovao\/wp-json\/wp\/v2\/pages\/27921\/revisions\/27933"}],"wp:attachment":[{"href":"https:\/\/missionnairesmontfortains.fr\/sitevaovao\/wp-json\/wp\/v2\/media?parent=27921"}],"curies":[{"name":"wp","href":"https:\/\/api.w.org\/{rel}","templated":true}]}}