{"id":26934,"date":"2025-03-26T21:56:29","date_gmt":"2025-03-26T21:56:29","guid":{"rendered":"https:\/\/missionnairesmontfortains.fr\/sitevaovao\/?page_id=26934"},"modified":"2025-10-23T22:50:23","modified_gmt":"2025-10-23T22:50:23","slug":"mention-legale","status":"publish","type":"page","link":"https:\/\/missionnairesmontfortains.fr\/sitevaovao\/mention-legale\/","title":{"rendered":"Mention l\u00e9gale"},"content":{"rendered":"\t\t<div data-elementor-type=\"wp-page\" data-elementor-id=\"26934\" class=\"elementor elementor-26934\">\n\t\t\t\t<div class=\"elementor-element elementor-element-249f71e e-flex e-con-boxed e-con e-parent\" data-id=\"249f71e\" data-element_type=\"container\" data-e-type=\"container\">\n\t\t\t\t\t<div class=\"e-con-inner\">\n\t\t\t\t<div class=\"elementor-element elementor-element-2714600 elementor-widget elementor-widget-text-editor\" data-id=\"2714600\" data-element_type=\"widget\" data-e-type=\"widget\" data-widget_type=\"text-editor.default\">\n\t\t\t\t<div class=\"elementor-widget-container\">\n\t\t\t\t\t\t\t\t\t<h2 data-start=\"322\" data-end=\"347\">\ud83d\udd4a\ufe0f Mentions l\u00e9gales<\/h2><p data-start=\"348\" data-end=\"441\"><strong data-start=\"348\" data-end=\"441\">Site officiel de la Congr\u00e9gation des Missionnaires Montfortains \u2013 Vice-province de France<\/strong><\/p><h3 data-start=\"443\" data-end=\"467\">1. \u00c9diteur du site<\/h3><p data-start=\"468\" data-end=\"975\">Le pr\u00e9sent site est \u00e9dit\u00e9 par :<br data-start=\"499\" data-end=\"502\" \/><strong data-start=\"502\" data-end=\"575\">Congr\u00e9gation des Missionnaires Montfortains \u2013 Vice-province de France<\/strong><br data-start=\"575\" data-end=\"578\" \/>Adresse : [\u00e0 compl\u00e9ter \u2013 ex. 15 rue Saint-Laurent, 44160 Pontch\u00e2teau, France]<br data-start=\"655\" data-end=\"658\" \/>T\u00e9l\u00e9phone : [\u00e0 compl\u00e9ter]<br data-start=\"683\" data-end=\"686\" \/>Courriel : [adresse e-mail de contact du site]<br data-start=\"732\" data-end=\"735\" \/>Repr\u00e9sentant l\u00e9gal : [Nom du sup\u00e9rieur ou responsable l\u00e9gal]<br data-start=\"795\" data-end=\"798\" \/>Num\u00e9ro SIRET (le cas \u00e9ch\u00e9ant) : [\u00e0 compl\u00e9ter]<br data-start=\"843\" data-end=\"846\" \/>Forme juridique : Congr\u00e9gation religieuse reconnue de droit pontifical \/ association cultuelle selon la loi du 9 d\u00e9cembre 1905.<\/p><h3 data-start=\"977\" data-end=\"1013\">2. Direction de la publication<\/h3><p data-start=\"1014\" data-end=\"1152\">Directeur de la publication : [Nom du responsable de la communication ou du sup\u00e9rieur]<br data-start=\"1100\" data-end=\"1103\" \/>Responsable de la r\u00e9daction : [Nom, si diff\u00e9rent]<\/p><h3 data-start=\"1154\" data-end=\"1180\">3. H\u00e9bergeur du site<\/h3><p data-start=\"1181\" data-end=\"1378\">Le site est h\u00e9berg\u00e9 par :<br data-start=\"1206\" data-end=\"1209\" \/><strong data-start=\"1209\" data-end=\"1233\">[Nom de l\u2019h\u00e9bergeur]<\/strong><br data-start=\"1233\" data-end=\"1236\" \/>Adresse : [adresse postale compl\u00e8te de l\u2019h\u00e9bergeur]<br data-start=\"1287\" data-end=\"1290\" \/>T\u00e9l\u00e9phone : [num\u00e9ro de contact de l\u2019h\u00e9bergeur]<br data-start=\"1336\" data-end=\"1339\" \/>Site web : [URL du site de l\u2019h\u00e9bergeur]<\/p><h3 data-start=\"1380\" data-end=\"1422\">4. Conception et r\u00e9alisation du site<\/h3><p data-start=\"1423\" data-end=\"1685\">Conception graphique et d\u00e9veloppement : [nom de la personne, de l\u2019agence ou \u00ab R\u00e9alis\u00e9 en interne par la Vice-province de France \u00bb]<br data-start=\"1553\" data-end=\"1556\" \/>Photographies : [Cr\u00e9dits photo ou mention \u00ab Missionnaires Montfortains \u00bb]<br data-start=\"1629\" data-end=\"1632\" \/>Illustrations : [Cr\u00e9dits ou mention de libre droit]<\/p><h3 data-start=\"1687\" data-end=\"1720\">5. Propri\u00e9t\u00e9 intellectuelle<\/h3><p data-start=\"1721\" data-end=\"2194\">L\u2019ensemble de ce site (textes, images, graphismes, logo, documents t\u00e9l\u00e9chargeables, etc.) est la propri\u00e9t\u00e9 exclusive de la <strong data-start=\"1844\" data-end=\"1891\">Congr\u00e9gation des Missionnaires Montfortains<\/strong>, sauf mention contraire.<br data-start=\"1916\" data-end=\"1919\" \/>Toute reproduction, repr\u00e9sentation, modification, diffusion ou exploitation, totale ou partielle, du contenu de ce site sans autorisation pr\u00e9alable est interdite et constituerait une contrefa\u00e7on au sens des articles L.335-2 et suivants du Code de la propri\u00e9t\u00e9 intellectuelle.<\/p><h3 data-start=\"2196\" data-end=\"2225\">6. Donn\u00e9es personnelles<\/h3><p data-start=\"2226\" data-end=\"2498\">La <strong data-start=\"2229\" data-end=\"2302\">Congr\u00e9gation des Missionnaires Montfortains \u2013 Vice-province de France<\/strong> s\u2019engage \u00e0 ce que la collecte et le traitement de vos donn\u00e9es personnelles soient conformes au <strong data-start=\"2398\" data-end=\"2456\">R\u00e8glement G\u00e9n\u00e9ral sur la Protection des Donn\u00e9es (RGPD)<\/strong> et \u00e0 la <strong data-start=\"2465\" data-end=\"2497\">loi Informatique et Libert\u00e9s<\/strong>.<\/p><p data-start=\"2500\" data-end=\"2715\">Les informations collect\u00e9es via les formulaires du site (contact, inscription, dons, etc.) sont strictement limit\u00e9es \u00e0 l\u2019usage pour lequel elles sont destin\u00e9es.<br data-start=\"2660\" data-end=\"2663\" \/>Aucune donn\u00e9e personnelle n\u2019est c\u00e9d\u00e9e \u00e0 des tiers.<\/p><p data-start=\"2717\" data-end=\"3141\"><strong data-start=\"2717\" data-end=\"2746\">Droits des utilisateurs :<\/strong><br data-start=\"2746\" data-end=\"2749\" \/>Conform\u00e9ment au RGPD, vous disposez d\u2019un droit d\u2019acc\u00e8s, de rectification, de suppression, d\u2019opposition et de portabilit\u00e9 de vos donn\u00e9es.<br data-start=\"2885\" data-end=\"2888\" \/>Pour exercer vos droits :<br data-start=\"2913\" data-end=\"2916\" \/>\ud83d\udce9 <strong data-start=\"2919\" data-end=\"2932\">Contact :<\/strong> [adresse e-mail d\u00e9di\u00e9e \u00e0 la protection des donn\u00e9es, ex. <a class=\"decorated-link cursor-pointer\" rel=\"noopener\">vieprivee@montfortains.fr<\/a>]<br data-start=\"3015\" data-end=\"3018\" \/>\ud83d\udcec ou par courrier \u00e0 :<br data-start=\"3040\" data-end=\"3043\" \/>Congr\u00e9gation des Missionnaires Montfortains \u2013 Vice-province de France<br data-start=\"3112\" data-end=\"3115\" \/>[Adresse postale compl\u00e8te]<\/p><h3 data-start=\"3143\" data-end=\"3159\">7. Cookies<\/h3><p data-start=\"3160\" data-end=\"3399\">Le site peut utiliser des cookies techniques n\u00e9cessaires \u00e0 son bon fonctionnement.<br data-start=\"3242\" data-end=\"3245\" \/>Aucun cookie publicitaire ou de tra\u00e7age n\u2019est d\u00e9pos\u00e9 sans votre consentement.<br data-start=\"3322\" data-end=\"3325\" \/>Vous pouvez g\u00e9rer vos pr\u00e9f\u00e9rences dans les param\u00e8tres de votre navigateur.<\/p><h3 data-start=\"3401\" data-end=\"3424\">8. Liens externes<\/h3><p data-start=\"3425\" data-end=\"3594\">Le site peut contenir des liens vers d\u2019autres sites internet. La <strong data-start=\"3490\" data-end=\"3517\">Vice-province de France<\/strong> n\u2019est pas responsable du contenu ou du fonctionnement de ces sites externes.<\/p><h3 data-start=\"3596\" data-end=\"3619\">9. Responsabilit\u00e9<\/h3><p data-start=\"3620\" data-end=\"3893\">La <strong data-start=\"3623\" data-end=\"3696\">Congr\u00e9gation des Missionnaires Montfortains \u2013 Vice-province de France<\/strong> s\u2019efforce d\u2019assurer la fiabilit\u00e9 et la mise \u00e0 jour des informations publi\u00e9es sur le site. Toutefois, elle ne saurait \u00eatre tenue responsable des erreurs, omissions ou d\u2019une interruption du service.<\/p><h3 data-start=\"3895\" data-end=\"3921\">10. Droit applicable<\/h3><p data-start=\"3922\" data-end=\"4092\">Les pr\u00e9sentes mentions l\u00e9gales sont r\u00e9gies par le <strong data-start=\"3972\" data-end=\"3990\">droit fran\u00e7ais<\/strong>.<br data-start=\"3991\" data-end=\"3994\" \/>En cas de litige, et \u00e0 d\u00e9faut de solution amiable, les tribunaux fran\u00e7ais seront seuls comp\u00e9tents.<\/p>\t\t\t\t\t\t\t\t<\/div>\n\t\t\t\t<\/div>\n\t\t\t\t\t<\/div>\n\t\t\t\t<\/div>\n\t\t\t\t<\/div>\n\t\t","protected":false},"excerpt":{"rendered":"<p>\ud83d\udd4a\ufe0f Mentions l\u00e9gales Site officiel de la Congr\u00e9gation des Missionnaires Montfortains \u2013 Vice-province de France 1. \u00c9diteur du site Le pr\u00e9sent site est \u00e9dit\u00e9 par :Congr\u00e9gation des Missionnaires Montfortains \u2013 Vice-province de FranceAdresse : [\u00e0 compl\u00e9ter \u2013 ex. 15 rue Saint-Laurent, 44160 Pontch\u00e2teau, France]T\u00e9l\u00e9phone : [\u00e0 compl\u00e9ter]Courriel : [adresse e-mail de contact du site]Repr\u00e9sentant l\u00e9gal [&hellip;]<\/p>\n","protected":false},"author":1,"featured_media":0,"parent":0,"menu_order":0,"comment_status":"closed","ping_status":"closed","template":"","meta":{"content-type":"","_uag_custom_page_level_css":"","site-sidebar-layout":"no-sidebar","site-content-layout":"page-builder","ast-site-content-layout":"full-width-container","site-content-style":"unboxed","site-sidebar-style":"unboxed","ast-global-header-display":"","ast-banner-title-visibility":"","ast-main-header-display":"","ast-hfb-above-header-display":"","ast-hfb-below-header-display":"","ast-hfb-mobile-header-display":"","site-post-title":"","ast-breadcrumbs-content":"","ast-featured-img":"disabled","footer-sml-layout":"","theme-transparent-header-meta":"","adv-header-id-meta":"","stick-header-meta":"","header-above-stick-meta":"","header-main-stick-meta":"","header-below-stick-meta":"","astra-migrate-meta-layouts":"set","ast-page-background-enabled":"default","ast-page-background-meta":{"desktop":{"background-color":"","background-image":"","background-repeat":"repeat","background-position":"center center","background-size":"auto","background-attachment":"scroll","background-type":"","background-media":"","overlay-type":"","overlay-color":"","overlay-opacity":"","overlay-gradient":""},"tablet":{"background-color":"","background-image":"","background-repeat":"repeat","background-position":"center center","background-size":"auto","background-attachment":"scroll","background-type":"","background-media":"","overlay-type":"","overlay-color":"","overlay-opacity":"","overlay-gradient":""},"mobile":{"background-color":"","background-image":"","background-repeat":"repeat","background-position":"center center","background-size":"auto","background-attachment":"scroll","background-type":"","background-media":"","overlay-type":"","overlay-color":"","overlay-opacity":"","overlay-gradient":""}},"ast-content-background-meta":{"desktop":{"background-color":"var(--ast-global-color-5)","background-image":"","background-repeat":"repeat","background-position":"center center","background-size":"auto","background-attachment":"scroll","background-type":"","background-media":"","overlay-type":"","overlay-color":"","overlay-opacity":"","overlay-gradient":""},"tablet":{"background-color":"var(--ast-global-color-5)","background-image":"","background-repeat":"repeat","background-position":"center center","background-size":"auto","background-attachment":"scroll","background-type":"","background-media":"","overlay-type":"","overlay-color":"","overlay-opacity":"","overlay-gradient":""},"mobile":{"background-color":"var(--ast-global-color-5)","background-image":"","background-repeat":"repeat","background-position":"center center","background-size":"auto","background-attachment":"scroll","background-type":"","background-media":"","overlay-type":"","overlay-color":"","overlay-opacity":"","overlay-gradient":""}},"footnotes":""},"class_list":["post-26934","page","type-page","status-publish","hentry"],"uagb_featured_image_src":{"full":false,"thumbnail":false,"medium":false,"medium_large":false,"large":false,"1536x1536":false,"2048x2048":false},"uagb_author_info":{"display_name":"olivier","author_link":""},"uagb_comment_info":0,"uagb_excerpt":"\ud83d\udd4a\ufe0f Mentions l\u00e9gales Site officiel de la Congr\u00e9gation des Missionnaires Montfortains \u2013 Vice-province de France 1. \u00c9diteur du site Le pr\u00e9sent site est \u00e9dit\u00e9 par :Congr\u00e9gation des Missionnaires Montfortains \u2013 Vice-province de FranceAdresse : [\u00e0 compl\u00e9ter \u2013 ex. 15 rue Saint-Laurent, 44160 Pontch\u00e2teau, France]T\u00e9l\u00e9phone : [\u00e0 compl\u00e9ter]Courriel : [adresse e-mail de contact du site]Repr\u00e9sentant l\u00e9gal\u2026","_links":{"self":[{"href":"https:\/\/missionnairesmontfortains.fr\/sitevaovao\/wp-json\/wp\/v2\/pages\/26934","targetHints":{"allow":["GET"]}}],"collection":[{"href":"https:\/\/missionnairesmontfortains.fr\/sitevaovao\/wp-json\/wp\/v2\/pages"}],"about":[{"href":"https:\/\/missionnairesmontfortains.fr\/sitevaovao\/wp-json\/wp\/v2\/types\/page"}],"author":[{"embeddable":true,"href":"https:\/\/missionnairesmontfortains.fr\/sitevaovao\/wp-json\/wp\/v2\/users\/1"}],"replies":[{"embeddable":true,"href":"https:\/\/missionnairesmontfortains.fr\/sitevaovao\/wp-json\/wp\/v2\/comments?post=26934"}],"version-history":[{"count":5,"href":"https:\/\/missionnairesmontfortains.fr\/sitevaovao\/wp-json\/wp\/v2\/pages\/26934\/revisions"}],"predecessor-version":[{"id":28824,"href":"https:\/\/missionnairesmontfortains.fr\/sitevaovao\/wp-json\/wp\/v2\/pages\/26934\/revisions\/28824"}],"wp:attachment":[{"href":"https:\/\/missionnairesmontfortains.fr\/sitevaovao\/wp-json\/wp\/v2\/media?parent=26934"}],"curies":[{"name":"wp","href":"https:\/\/api.w.org\/{rel}","templated":true}]}}