{"id":26010,"date":"2025-01-23T21:56:40","date_gmt":"2025-01-23T21:56:40","guid":{"rendered":"https:\/\/missionnairesmontfortains.fr\/sitevaovao\/?page_id=26010"},"modified":"2025-03-25T22:57:47","modified_gmt":"2025-03-25T22:57:47","slug":"calvaire-de-pontchateau","status":"publish","type":"page","link":"https:\/\/missionnairesmontfortains.fr\/sitevaovao\/calvaire-de-pontchateau\/","title":{"rendered":"Calvaire de Pontch\u00e2teau"},"content":{"rendered":"\t\t<div data-elementor-type=\"wp-page\" data-elementor-id=\"26010\" class=\"elementor elementor-26010\">\n\t\t\t\t<div class=\"elementor-element elementor-element-5da550c1 e-flex e-con-boxed e-con e-parent\" data-id=\"5da550c1\" data-element_type=\"container\" data-e-type=\"container\">\n\t\t\t\t\t<div class=\"e-con-inner\">\n\t\t\t\t<div class=\"elementor-element elementor-element-4e0a10c7 elementor-widget elementor-widget-spacer\" data-id=\"4e0a10c7\" data-element_type=\"widget\" data-e-type=\"widget\" data-widget_type=\"spacer.default\">\n\t\t\t\t<div class=\"elementor-widget-container\">\n\t\t\t\t\t\t\t<div class=\"elementor-spacer\">\n\t\t\t<div class=\"elementor-spacer-inner\"><\/div>\n\t\t<\/div>\n\t\t\t\t\t\t<\/div>\n\t\t\t\t<\/div>\n\t\t\t\t\t<\/div>\n\t\t\t\t<\/div>\n\t\t\t\t<section class=\"elementor-section elementor-top-section elementor-element elementor-element-5a2ffc92 elementor-section-boxed elementor-section-height-default elementor-section-height-default\" data-id=\"5a2ffc92\" data-element_type=\"section\" data-e-type=\"section\" data-settings=\"{&quot;background_background&quot;:&quot;classic&quot;}\">\n\t\t\t\t\t\t<div class=\"elementor-container elementor-column-gap-no\">\n\t\t\t\t\t<div class=\"elementor-column elementor-col-100 elementor-top-column elementor-element elementor-element-4ed0b56e\" data-id=\"4ed0b56e\" data-element_type=\"column\" data-e-type=\"column\">\n\t\t\t<div class=\"elementor-widget-wrap elementor-element-populated\">\n\t\t\t\t\t\t<div class=\"elementor-element elementor-element-31f8dde8 elementor-widget elementor-widget-heading\" data-id=\"31f8dde8\" data-element_type=\"widget\" data-e-type=\"widget\" data-widget_type=\"heading.default\">\n\t\t\t\t<div class=\"elementor-widget-container\">\n\t\t\t\t\t<h2 class=\"elementor-heading-title elementor-size-default\">Communaut\u00e9 Le Calvaire de Pontch\u00e2teau<\/h2>\t\t\t\t<\/div>\n\t\t\t\t<\/div>\n\t\t\t\t<div class=\"elementor-element elementor-element-4708f641 elementor-widget elementor-widget-text-editor\" data-id=\"4708f641\" data-element_type=\"widget\" data-e-type=\"widget\" data-widget_type=\"text-editor.default\">\n\t\t\t\t<div class=\"elementor-widget-container\">\n\t\t\t\t\t\t\t\t\t<p>1 Rue de l&rsquo;Abb\u00e9 Fran\u00e7ois Gouray, 44160 Pontch\u00e2teau<\/p>\t\t\t\t\t\t\t\t<\/div>\n\t\t\t\t<\/div>\n\t\t\t\t<section class=\"elementor-section elementor-inner-section elementor-element elementor-element-4acb97eb elementor-section-content-middle elementor-section-boxed elementor-section-height-default elementor-section-height-default\" data-id=\"4acb97eb\" data-element_type=\"section\" data-e-type=\"section\">\n\t\t\t\t\t\t<div class=\"elementor-container elementor-column-gap-no\">\n\t\t\t\t\t<div class=\"elementor-column elementor-col-66 elementor-inner-column elementor-element elementor-element-7f66d5ef\" data-id=\"7f66d5ef\" data-element_type=\"column\" data-e-type=\"column\">\n\t\t\t<div class=\"elementor-widget-wrap elementor-element-populated\">\n\t\t\t\t\t\t<div class=\"elementor-element elementor-element-582745e8 elementor-widget elementor-widget-image\" data-id=\"582745e8\" data-element_type=\"widget\" data-e-type=\"widget\" data-widget_type=\"image.default\">\n\t\t\t\t<div class=\"elementor-widget-container\">\n\t\t\t\t\t\t\t\t\t\t\t\t\t\t\t<img fetchpriority=\"high\" decoding=\"async\" width=\"1024\" height=\"461\" src=\"https:\/\/missionnairesmontfortains.fr\/sitevaovao\/wp-content\/uploads\/2024\/12\/5JGEgZCkNZMSegNDcaxJGlnx9Czh8MGSFQ-IN1_kozU_plaintext_638345316264015397-1024x461.jpg\" class=\"attachment-large size-large wp-image-25674\" alt=\"\" srcset=\"https:\/\/missionnairesmontfortains.fr\/sitevaovao\/wp-content\/uploads\/2024\/12\/5JGEgZCkNZMSegNDcaxJGlnx9Czh8MGSFQ-IN1_kozU_plaintext_638345316264015397-1024x461.jpg 1024w, https:\/\/missionnairesmontfortains.fr\/sitevaovao\/wp-content\/uploads\/2024\/12\/5JGEgZCkNZMSegNDcaxJGlnx9Czh8MGSFQ-IN1_kozU_plaintext_638345316264015397-600x270.jpg 600w, https:\/\/missionnairesmontfortains.fr\/sitevaovao\/wp-content\/uploads\/2024\/12\/5JGEgZCkNZMSegNDcaxJGlnx9Czh8MGSFQ-IN1_kozU_plaintext_638345316264015397-300x135.jpg 300w, https:\/\/missionnairesmontfortains.fr\/sitevaovao\/wp-content\/uploads\/2024\/12\/5JGEgZCkNZMSegNDcaxJGlnx9Czh8MGSFQ-IN1_kozU_plaintext_638345316264015397-768x346.jpg 768w, https:\/\/missionnairesmontfortains.fr\/sitevaovao\/wp-content\/uploads\/2024\/12\/5JGEgZCkNZMSegNDcaxJGlnx9Czh8MGSFQ-IN1_kozU_plaintext_638345316264015397-1536x692.jpg 1536w, https:\/\/missionnairesmontfortains.fr\/sitevaovao\/wp-content\/uploads\/2024\/12\/5JGEgZCkNZMSegNDcaxJGlnx9Czh8MGSFQ-IN1_kozU_plaintext_638345316264015397.jpg 1600w\" sizes=\"(max-width: 1024px) 100vw, 1024px\" \/>\t\t\t\t\t\t\t\t\t\t\t\t\t\t\t<\/div>\n\t\t\t\t<\/div>\n\t\t\t\t\t<\/div>\n\t\t<\/div>\n\t\t\t\t<div class=\"elementor-column elementor-col-33 elementor-inner-column elementor-element elementor-element-7a676d73\" data-id=\"7a676d73\" data-element_type=\"column\" data-e-type=\"column\" data-settings=\"{&quot;background_background&quot;:&quot;classic&quot;}\">\n\t\t\t<div class=\"elementor-widget-wrap elementor-element-populated\">\n\t\t\t\t\t\t<div class=\"elementor-element elementor-element-4248f826 elementor-widget elementor-widget-heading\" data-id=\"4248f826\" data-element_type=\"widget\" data-e-type=\"widget\" data-widget_type=\"heading.default\">\n\t\t\t\t<div class=\"elementor-widget-container\">\n\t\t\t\t\t<h4 class=\"elementor-heading-title elementor-size-default\">Communaut\u00e9 internationale<\/h4>\t\t\t\t<\/div>\n\t\t\t\t<\/div>\n\t\t\t\t<div class=\"elementor-element elementor-element-7f4081cd elementor-widget-divider--view-line elementor-widget elementor-widget-divider\" data-id=\"7f4081cd\" data-element_type=\"widget\" data-e-type=\"widget\" data-widget_type=\"divider.default\">\n\t\t\t\t<div class=\"elementor-widget-container\">\n\t\t\t\t\t\t\t<div class=\"elementor-divider\">\n\t\t\t<span class=\"elementor-divider-separator\">\n\t\t\t\t\t\t<\/span>\n\t\t<\/div>\n\t\t\t\t\t\t<\/div>\n\t\t\t\t<\/div>\n\t\t\t\t<div class=\"elementor-element elementor-element-828811a elementor-widget elementor-widget-text-editor\" data-id=\"828811a\" data-element_type=\"widget\" data-e-type=\"widget\" data-widget_type=\"text-editor.default\">\n\t\t\t\t<div class=\"elementor-widget-container\">\n\t\t\t\t\t\t\t\t\t<p>Le P\u00e8re Santino, sup\u00e9rieur de la communaut\u00e9 et toute la communaut\u00e9 vous accueillent dans ce Haut-Lieu montfortain.<\/p>\t\t\t\t\t\t\t\t<\/div>\n\t\t\t\t<\/div>\n\t\t\t\t<div class=\"elementor-element elementor-element-6e72afdf elementor-align-left elementor-mobile-align-center elementor-widget elementor-widget-button\" data-id=\"6e72afdf\" data-element_type=\"widget\" data-e-type=\"widget\" data-widget_type=\"button.default\">\n\t\t\t\t<div class=\"elementor-widget-container\">\n\t\t\t\t\t\t\t\t\t<div class=\"elementor-button-wrapper\">\n\t\t\t\t\t<a class=\"elementor-button elementor-button-link elementor-size-sm\" href=\"#\">\n\t\t\t\t\t\t<span class=\"elementor-button-content-wrapper\">\n\t\t\t\t\t\t\t\t\t<span class=\"elementor-button-text\">Contactez la Communaut\u00e9<\/span>\n\t\t\t\t\t<\/span>\n\t\t\t\t\t<\/a>\n\t\t\t\t<\/div>\n\t\t\t\t\t\t\t\t<\/div>\n\t\t\t\t<\/div>\n\t\t\t\t\t<\/div>\n\t\t<\/div>\n\t\t\t\t\t<\/div>\n\t\t<\/section>\n\t\t\t\t<section class=\"elementor-section elementor-inner-section elementor-element elementor-element-516314fe elementor-section-content-middle elementor-reverse-tablet elementor-reverse-mobile elementor-section-boxed elementor-section-height-default elementor-section-height-default\" data-id=\"516314fe\" data-element_type=\"section\" data-e-type=\"section\">\n\t\t\t\t\t\t<div class=\"elementor-container elementor-column-gap-no\">\n\t\t\t\t\t<div class=\"elementor-column elementor-col-33 elementor-inner-column elementor-element elementor-element-6024fa72\" data-id=\"6024fa72\" data-element_type=\"column\" data-e-type=\"column\" data-settings=\"{&quot;background_background&quot;:&quot;classic&quot;}\">\n\t\t\t<div class=\"elementor-widget-wrap elementor-element-populated\">\n\t\t\t\t\t\t<div class=\"elementor-element elementor-element-5a718369 elementor-widget elementor-widget-heading\" data-id=\"5a718369\" data-element_type=\"widget\" data-e-type=\"widget\" data-widget_type=\"heading.default\">\n\t\t\t\t<div class=\"elementor-widget-container\">\n\t\t\t\t\t<h3 class=\"elementor-heading-title elementor-size-default\">Le Calvaire de Ponch\u00e2teau<\/h3>\t\t\t\t<\/div>\n\t\t\t\t<\/div>\n\t\t\t\t<div class=\"elementor-element elementor-element-592db7f elementor-widget-divider--view-line elementor-widget elementor-widget-divider\" data-id=\"592db7f\" data-element_type=\"widget\" data-e-type=\"widget\" data-widget_type=\"divider.default\">\n\t\t\t\t<div class=\"elementor-widget-container\">\n\t\t\t\t\t\t\t<div class=\"elementor-divider\">\n\t\t\t<span class=\"elementor-divider-separator\">\n\t\t\t\t\t\t<\/span>\n\t\t<\/div>\n\t\t\t\t\t\t<\/div>\n\t\t\t\t<\/div>\n\t\t\t\t<div class=\"elementor-element elementor-element-616e6562 elementor-widget elementor-widget-text-editor\" data-id=\"616e6562\" data-element_type=\"widget\" data-e-type=\"widget\" data-widget_type=\"text-editor.default\">\n\t\t\t\t<div class=\"elementor-widget-container\">\n\t\t\t\t\t\t\t\t\t<p>\u00a0La famille montfortaine et les b\u00e9n\u00e9voles vous accueillent et vous guide dans ce parc spirituel et naturel de Saint-Louis-Marie de Montfort<\/p>\t\t\t\t\t\t\t\t<\/div>\n\t\t\t\t<\/div>\n\t\t\t\t<div class=\"elementor-element elementor-element-3f596a58 elementor-align-right elementor-mobile-align-center elementor-widget elementor-widget-button\" data-id=\"3f596a58\" data-element_type=\"widget\" data-e-type=\"widget\" data-widget_type=\"button.default\">\n\t\t\t\t<div class=\"elementor-widget-container\">\n\t\t\t\t\t\t\t\t\t<div class=\"elementor-button-wrapper\">\n\t\t\t\t\t<a class=\"elementor-button elementor-button-link elementor-size-sm\" href=\"#\">\n\t\t\t\t\t\t<span class=\"elementor-button-content-wrapper\">\n\t\t\t\t\t\t\t\t\t<span class=\"elementor-button-text\">Contactez l'Acceuil du Calvaire<\/span>\n\t\t\t\t\t<\/span>\n\t\t\t\t\t<\/a>\n\t\t\t\t<\/div>\n\t\t\t\t\t\t\t\t<\/div>\n\t\t\t\t<\/div>\n\t\t\t\t\t<\/div>\n\t\t<\/div>\n\t\t\t\t<div class=\"elementor-column elementor-col-66 elementor-inner-column elementor-element elementor-element-4e0a85f3\" data-id=\"4e0a85f3\" data-element_type=\"column\" data-e-type=\"column\">\n\t\t\t<div class=\"elementor-widget-wrap elementor-element-populated\">\n\t\t\t\t\t\t<div class=\"elementor-element elementor-element-5dfe93a6 elementor-widget elementor-widget-image\" data-id=\"5dfe93a6\" data-element_type=\"widget\" data-e-type=\"widget\" data-widget_type=\"image.default\">\n\t\t\t\t<div class=\"elementor-widget-container\">\n\t\t\t\t\t\t\t\t\t\t\t\t\t\t\t<img decoding=\"async\" width=\"1024\" height=\"768\" src=\"https:\/\/missionnairesmontfortains.fr\/sitevaovao\/wp-content\/uploads\/2025\/03\/IMG-20230307-WA0000-1024x768.jpg\" class=\"attachment-large size-large wp-image-27687\" alt=\"\" srcset=\"https:\/\/missionnairesmontfortains.fr\/sitevaovao\/wp-content\/uploads\/2025\/03\/IMG-20230307-WA0000-1024x768.jpg 1024w, https:\/\/missionnairesmontfortains.fr\/sitevaovao\/wp-content\/uploads\/2025\/03\/IMG-20230307-WA0000-300x225.jpg 300w, https:\/\/missionnairesmontfortains.fr\/sitevaovao\/wp-content\/uploads\/2025\/03\/IMG-20230307-WA0000-768x576.jpg 768w, https:\/\/missionnairesmontfortains.fr\/sitevaovao\/wp-content\/uploads\/2025\/03\/IMG-20230307-WA0000-1536x1152.jpg 1536w, https:\/\/missionnairesmontfortains.fr\/sitevaovao\/wp-content\/uploads\/2025\/03\/IMG-20230307-WA0000.jpg 1600w\" sizes=\"(max-width: 1024px) 100vw, 1024px\" \/>\t\t\t\t\t\t\t\t\t\t\t\t\t\t\t<\/div>\n\t\t\t\t<\/div>\n\t\t\t\t\t<\/div>\n\t\t<\/div>\n\t\t\t\t\t<\/div>\n\t\t<\/section>\n\t\t\t\t\t<\/div>\n\t\t<\/div>\n\t\t\t\t\t<\/div>\n\t\t<\/section>\n\t\t<div class=\"elementor-element elementor-element-77c736f5 e-flex e-con-boxed e-con e-parent\" data-id=\"77c736f5\" data-element_type=\"container\" data-e-type=\"container\">\n\t\t\t\t\t<div class=\"e-con-inner\">\n\t\t\t\t<div class=\"elementor-element elementor-element-4333a87a elementor-widget-divider--view-line elementor-widget elementor-widget-divider\" data-id=\"4333a87a\" data-element_type=\"widget\" data-e-type=\"widget\" data-widget_type=\"divider.default\">\n\t\t\t\t<div class=\"elementor-widget-container\">\n\t\t\t\t\t\t\t<div class=\"elementor-divider\">\n\t\t\t<span class=\"elementor-divider-separator\">\n\t\t\t\t\t\t<\/span>\n\t\t<\/div>\n\t\t\t\t\t\t<\/div>\n\t\t\t\t<\/div>\n\t\t\t\t\t<\/div>\n\t\t\t\t<\/div>\n\t\t<div class=\"elementor-element elementor-element-16268022 e-flex e-con-boxed e-con e-parent\" data-id=\"16268022\" data-element_type=\"container\" data-e-type=\"container\">\n\t\t\t\t\t<div class=\"e-con-inner\">\n\t\t<div class=\"elementor-element elementor-element-2fe7d1ae e-con-full e-flex e-con e-child\" data-id=\"2fe7d1ae\" data-element_type=\"container\" data-e-type=\"container\">\n\t\t\t\t<div class=\"elementor-element elementor-element-36cafb69 elementor-widget elementor-widget-google_maps\" data-id=\"36cafb69\" data-element_type=\"widget\" data-e-type=\"widget\" data-widget_type=\"google_maps.default\">\n\t\t\t\t<div class=\"elementor-widget-container\">\n\t\t\t\t\t\t\t<div class=\"elementor-custom-embed\">\n\t\t\t<iframe loading=\"lazy\"\n\t\t\t\t\tsrc=\"https:\/\/maps.google.com\/maps?q=Calvaire%20de%20Pontch%C3%A2teau&#038;t=m&#038;z=8&#038;output=embed&#038;iwloc=near\"\n\t\t\t\t\ttitle=\"Calvaire de Pontch\u00e2teau\"\n\t\t\t\t\taria-label=\"Calvaire de Pontch\u00e2teau\"\n\t\t\t><\/iframe>\n\t\t<\/div>\n\t\t\t\t\t\t<\/div>\n\t\t\t\t<\/div>\n\t\t\t\t<\/div>\n\t\t<div class=\"elementor-element elementor-element-30b959da e-con-full e-flex e-con e-child\" data-id=\"30b959da\" data-element_type=\"container\" data-e-type=\"container\">\n\t\t\t\t<div class=\"elementor-element elementor-element-1544bfa elementor-widget elementor-widget-image\" data-id=\"1544bfa\" data-element_type=\"widget\" data-e-type=\"widget\" data-widget_type=\"image.default\">\n\t\t\t\t<div class=\"elementor-widget-container\">\n\t\t\t\t\t\t\t\t\t\t\t\t\t\t\t<img decoding=\"async\" width=\"150\" height=\"150\" src=\"https:\/\/missionnairesmontfortains.fr\/sitevaovao\/wp-content\/uploads\/2025\/01\/Calvaire-150x150.png\" class=\"attachment-thumbnail size-thumbnail wp-image-25888\" alt=\"\" srcset=\"https:\/\/missionnairesmontfortains.fr\/sitevaovao\/wp-content\/uploads\/2025\/01\/Calvaire-150x150.png 150w, https:\/\/missionnairesmontfortains.fr\/sitevaovao\/wp-content\/uploads\/2025\/01\/Calvaire-300x300.png 300w, https:\/\/missionnairesmontfortains.fr\/sitevaovao\/wp-content\/uploads\/2025\/01\/Calvaire.png 340w\" sizes=\"(max-width: 150px) 100vw, 150px\" \/>\t\t\t\t\t\t\t\t\t\t\t\t\t\t\t<\/div>\n\t\t\t\t<\/div>\n\t\t\t\t<\/div>\n\t\t\t\t\t<\/div>\n\t\t\t\t<\/div>\n\t\t<div class=\"elementor-element elementor-element-5cb17f4 e-flex e-con-boxed e-con e-parent\" data-id=\"5cb17f4\" data-element_type=\"container\" data-e-type=\"container\">\n\t\t\t\t\t<div class=\"e-con-inner\">\n\t\t<div class=\"elementor-element elementor-element-50f8698 e-con-full e-flex e-con e-child\" data-id=\"50f8698\" data-element_type=\"container\" data-e-type=\"container\">\n\t\t\t\t<div class=\"elementor-element elementor-element-b5dff7f elementor-widget elementor-widget-text-editor\" data-id=\"b5dff7f\" data-element_type=\"widget\" data-e-type=\"widget\" data-widget_type=\"text-editor.default\">\n\t\t\t\t<div class=\"elementor-widget-container\">\n\t\t\t\t\t\t\t\t\t<p>Le calvaire de Pontch\u00e2teau t\u00e9moigne du g\u00e9nie du P\u00e8re de Montfort pour nourrir la foi de milliers de chr\u00e9tiens jusqu&rsquo;\u00e0 construire ensemble un mont saint sur la plaine de la Madeleine. Aujourd&rsquo;hui, le Calvaire de Pontch\u00e2teau est un p\u00f4le rayonnant d&rsquo;\u00e9vang\u00e9lisation anim\u00e9 par une pr\u00e9sence internationale de toute la famille montfortaine, compos\u00e9e des Filles de la Sagesse, des Fr\u00e8res de Saint-Gabriel, des Missionnaires Montfortains et de nombreux b\u00e9n\u00e9voles, en plus d&rsquo;un foyer pour l&rsquo;accueil des personnes fragiles. En septembre 2021, la paroisse a \u00e9t\u00e9 confi\u00e9e aux Montfortains. Le calvaire de Pontch\u00e2teau t\u00e9moigne de l\u2019\u00e9lan missionnaire de Montfort, plein de cr\u00e9ativit\u00e9, de sens de l\u2019organisation et de z\u00e8le sous l&rsquo;\u00e9tendard de la croix.<\/p>\t\t\t\t\t\t\t\t<\/div>\n\t\t\t\t<\/div>\n\t\t\t\t<\/div>\n\t\t\t\t\t<\/div>\n\t\t\t\t<\/div>\n\t\t<div class=\"elementor-element elementor-element-d7ecb14 e-flex e-con-boxed e-con e-parent\" data-id=\"d7ecb14\" data-element_type=\"container\" data-e-type=\"container\">\n\t\t\t\t\t<div class=\"e-con-inner\">\n\t\t\t\t<div class=\"elementor-element elementor-element-2739be8 elementor-widget elementor-widget-text-editor\" data-id=\"2739be8\" data-element_type=\"widget\" data-e-type=\"widget\" data-widget_type=\"text-editor.default\">\n\t\t\t\t<div class=\"elementor-widget-container\">\n\t\t\t\t\t\t\t\t\t<h3>ITIN\u00c9RAIRE DU P\u00c8LERIN au CALVAIRE DE PONT-CH\u00c2TEAU<\/h3><p>On a souvent dit que les Cath\u00e9drales -Chartres ou Paris par exemple- c&rsquo;\u00e9tait la Bible mise a la port\u00e9e des petits.<\/p><p>Un Haut lieu de Relecture de l&rsquo;Evangile, c&rsquo;est aussi ce que veut \u00eatre, depuis sa fondation en 1709, le Calvaire de Pont-Ch\u00e2teau. Sur cette Lande de la Madeleine, ou vous vous trouvez, un Saint est pass\u00e9, il y a bient\u00f4t 280 ans : Saint Louis-Marie de Montfort. A travers les \u00e9vocations de Bethl\u00e9em, de Nazareth et de J\u00e9rusalem, qui nous situent d&#8217;embl\u00e9e au coeur de la Palestine de J\u00e9sus, il a \u00e9difi\u00e9 sur cette Lande deux grands th\u00e8mes de contemplation et de pri\u00e8re : la Croix et le Rosaire.<\/p><p>D&rsquo;o\u00f9 que vous arriviez, prenez comme point de d\u00e9part le Temple de J\u00e9rusalem, vaste construction mi-forteresse mi-palais oriental, que vous d\u00e9couvrez \u00e0 50 m\u00e8tres de la route.<\/p><p>A partir de l\u00e0, vous pouvez commencer votre visite en allant prier le Christ pr\u00e9sent au Tabernacle de la Chapelle du P\u00e8lerinage.<\/p><p>Revenez vers le Temple. Vous voyez la toute proche, une maison \u00e0 toit plat et en briques brunes: c&rsquo;est Nazareth. Cet \u00e9difice est la reproduction de la \u00a0\u00bb Santa Casa \u00a0\u00bb de Lorette, la Maison de la Vierge Marie selon une pieuse tradition. Deux charmantes figures y rappellent le Myst\u00e8re de l&rsquo;Annonciation: l&rsquo;Ange Gabriel vient dire \u00e0 Marie qu&rsquo;elle sera la M\u00e8re de Dieu, si du moins elle y consent. A droite, \u00e0 l&rsquo;int\u00e9rieur, une baie s&rsquo;ouvre sur l&rsquo;atelier du charpentier Joseph.<\/p><p>En sortant, vous vous retrouvez devant la masse imposante du Temple. P\u00e9n\u00e9trez dans la cour int\u00e9rieure : au fond de cette cour, un vaste Parvis, orn\u00e9 de belles peintures murales repr\u00e9sentant les principaux \u00e9v\u00e9nements de la vie de J\u00e9sus \u00e0 J\u00e9rusalem : J\u00e9sus pr\u00e9sent\u00e9 au Temple 40 jours apr\u00e8s sa naissance ; J\u00e9sus au milieu des docteurs, \u00e0 l&rsquo;age de 12 ans ; J\u00e9sus chassant les vendeurs du Temple; J\u00e9sus entrant triomphalement \u00e0 J\u00e9rusalem quelques jours avant sa Passion&#8230; Puis, \u00e0 la sortie du Temple, sous le portique de sa fa\u00e7ade sud, admirez la fresque repr\u00e9sentant le Couronnement de la Vierge Marie dans le ciel.<\/p><p>Un peu plus bas, la \u00a0\u00bb Nouvelle Visitation\u00a0\u00bb avec les fresques repr\u00e9sentant l&rsquo;annonce \u00e0 Zacharie de la naissance de son fils Jean-Baptiste, la visite de Marie \u00e0 sa cousine Elisabeth, la naissance de Jean-Baptiste, le Bapt\u00eame de J\u00e9sus par Jean dans le Jourdain, et enfin la mort de Jean-Baptiste dans la prison du roi H\u00e9rode.<\/p><p>Aussit\u00f4t \u00e0 votre gauche, derri\u00e8re le Temple, vous d\u00e9couvrez une maison orientale avec d\u00f4me: c&rsquo;est l&rsquo;ancienne maison de la \u00a0\u00bb Visitation \u00ab\u00a0.<\/p><p>Descendez maintenant jusqu&rsquo;a la Scala Sancta, magnifique monument, ou cinq hauts-reliefs imposants repr\u00e9sentent les premi\u00e8res sc\u00e8nes de la Passion. L&rsquo;escalier du milieu rappelle la \u00a0\u00bb Scala Sancta\u00a0\u00bb de J\u00e9rusalem, c&rsquo;est-\u00e0-dire l&rsquo;escalier que J\u00e9sus monta pour se rendre chez Pilate. Par respect et si on le peut, on le monte \u00e0 genoux. Dans l&rsquo;ordre, \u00e0 partir de la gauche les hauts-reliefs repr\u00e9sentent les sc\u00e8nes suivantes :<\/p><ol><li>J\u00e9sus comparait devant Pilate ;<\/li><li>J\u00e9sus est flagell\u00e9 ;<\/li><li>J\u00e9sus est couronn\u00e9 d&rsquo;\u00e9pines et tourn\u00e9 en d\u00e9rision par les soldats ;<\/li><li>J\u00e9sus est pr\u00e9sent\u00e9 a la foule par Pilate qui d\u00e9clare : \u00a0\u00bb Voila l&rsquo;homme ! \u00ab\u00a0.<\/li><\/ol><p>Et le tableau du milieu, la condamnation de J\u00e9sus \u00e0 mort par Pilate qui se lave les mains, c&rsquo;est exactement la premi\u00e8re Station du Chemin de la Croix. Dans ces hauts-reliefs, contrastant avec la majest\u00e9 et la dignit\u00e9 de J\u00e9sus, l&rsquo;artiste a voulu exprimer la malice humaine sous toutes ses formes; celle des Juifs, c\u00e8ne des hommes&#8230;<\/p><p>Depuis la Scala Sancta jusqu&rsquo;au Calvaire, la \u00a0\u00bb Voie Douloureuse \u00a0\u00bb suit le trac\u00e9 du Chemin de la Croix de J\u00e9rusalem. En le parcourant, vous ferez le m\u00eame chemin que J\u00e9sus charg\u00e9 de sa croix, depuis le palais de Pilate jusqu&rsquo;au Golgotha, soit environ 600 m\u00e8tres.<\/p><p>Apr\u00e8s la cinqui\u00e8me Station, \u00e0 votre gauche, une grotte. C&rsquo;est Bethl\u00e9em, c&rsquo;est \u00a0\u00bb No\u00ebl \u00ab\u00a0, comme l&rsquo;indique le petit vitrail de l&rsquo;int\u00e9rieur. Un groupe sculpt\u00e9 y \u00e9voque la Vierge Marie dans son r\u00f4le maternel : allaitant l&rsquo;enfant J\u00e9sus sous le regard aimant de saint Joseph.<\/p><p>Non loin de cette grotte, un peu plus haut, un monument cubique: c&rsquo;est le C\u00e9nacle. Ici encore, les fresques reproduisent les \u00e9pisodes \u00e9vang\u00e9liques qui ont eu lieu dans cette \u00a0\u00bb Chambre Haute\u00a0\u00bb comme on l&rsquo;appelait: l&rsquo;Institution de l&rsquo;Eucharistie, l&rsquo;apparition de J\u00e9sus \u00e0 Thomas, la descente du Saint-Esprit sur la Vierge et les Ap\u00f4tres dix jours apr\u00e8s l&rsquo;Ascension. Et un petit tableau, sous l&rsquo;autel, repr\u00e9sente J\u00e9sus en train de laver les pieds de ses disciples au soir du Jeudi-Saint.<\/p><p>Vous reprenez maintenant la \u00a0\u00bb Voie Douloureuse \u00a0\u00bb qui vous conduit jusqu&rsquo;au Calvaire; et au passage, vous saluez la belle statue du Sacr\u00e9-Coeur qui semble accueillir inlassablement les visiteurs \u00e0 leur arriv\u00e9e&#8230;<\/p><p>Presque au sommet de la butte du Calvaire, vous trouvez la Grotte d&rsquo;Adam. Une l\u00e9gende dit que la Croix de J\u00e9sus fut plant\u00e9e sur la Colline \u00e0 l&rsquo;endroit o\u00f9 Adam avait \u00e9t\u00e9 enterr\u00e9. Mais, au-del\u00e0 de cette l\u00e9gende, il y a une v\u00e9rit\u00e9 profonde: J\u00e9sus est le \u00a0\u00bb Nouvel Adam \u00a0\u00bb venu rendre la Vie perdue par le premier Adam.<\/p><p>Montons maintenant jusqu&rsquo;au sommet du Calvaire, et contemplons d&rsquo;abord le magnifique panorama qui nous entoure: Besn\u00e9, Donges et ses raffineries, Saint-Nazaire, avec les \u00e9normes grues du port, et le fameux pont de Mindin, de 3,400 Km de long, puis Gu\u00e9rande et sa Coll\u00e9giale, Saint-Lyphard, et les 15 autres clochers que l&rsquo;on d\u00e9couvre par temps clair, au-dessus des marais de la Grande-Bri\u00e8re. Et apr\u00e8s avoir admir\u00e9 cette belle nature, tournons-nous vers J\u00e9sus, d\u00e9pouill\u00e9 de ses v\u00eatements, clou\u00e9 \u00e0 la croix puis \u00a0\u00bb \u00e9lev\u00e9 de terre pour attirer tout \u00e0 lui \u00ab\u00a0, en pr\u00e9sence des juifs, des soldats romains, mais aussi sous le regard de la Vierge, de Jean, et de Marie-Madeleine.<\/p><p>Nous descendons en contournant le Calvaire, et nous trouvons, en bas, la treizi\u00e8me et la quatorzi\u00e8me station. Puis, tout pr\u00e8s, le S\u00e9pulcre qui repr\u00e9sente assez exactement celui que Joseph d&rsquo;Arimathie avait offert pour ensevelir J\u00e9sus. A la porte, la grosse pierre ronde que l&rsquo;on roulait pour en fermer l&rsquo;entr\u00e9e.<\/p><p>Juste au-dessus du S\u00e9pulcre, J\u00e9sus ressuscite, tandis que les gardes effray\u00e9s se prot\u00e8gent les yeux&#8230; .<\/p><p>Repassez maintenant devant la Butte du Calvaire, et rendez-vous jusqu&rsquo;\u00e0 la \u00a0\u00bb Vielle Chapelle\u00a0\u00bb o\u00f9 vous pourrez v\u00e9n\u00e9rer le beau Christ en bois, sculpt\u00e9 par un artisan de Saint-Brieuc en 1707 avec l&rsquo;aide du P\u00e8re de Montfort lui-m\u00eame (1).<\/p><p>Et maintenant, pour achever votre visite, il ne vous reste plus qu&rsquo;\u00e0 retourner pr\u00e8s de la Statue du Sacr\u00e9-Coeur ; et devant vous, vous trouverez une all\u00e9e vaste et ombrag\u00e9e, qui vous conduira jusqu&rsquo;au \u00a0\u00bb Moulin du P\u00e8re de Montfort \u00a0\u00bb servant de pi\u00e9destal \u00e0 sa statue de pr\u00e9dicateur populaire (2). Puis vous continuez jusqu&rsquo;au magnifique groupe repr\u00e9sentant l&rsquo;Ascension (3) et enfin, jusqu&rsquo;\u00e0 l&rsquo;Assomption (4) &#8211; et la Grotte toute proche de l&rsquo;Agonie (5).<\/p>\t\t\t\t\t\t\t\t<\/div>\n\t\t\t\t<\/div>\n\t\t\t\t\t<\/div>\n\t\t\t\t<\/div>\n\t\t<div class=\"elementor-element elementor-element-84fbe30 e-flex e-con-boxed e-con e-parent\" data-id=\"84fbe30\" data-element_type=\"container\" data-e-type=\"container\">\n\t\t\t\t\t<div class=\"e-con-inner\">\n\t\t\t\t<div class=\"elementor-element elementor-element-9116c5e elementor-widget elementor-widget-text-editor\" data-id=\"9116c5e\" data-element_type=\"widget\" data-e-type=\"widget\" data-widget_type=\"text-editor.default\">\n\t\t\t\t<div class=\"elementor-widget-container\">\n\t\t\t\t\t\t\t\t\t<h3>L&rsquo;HISTOIRE du CALVAIRE DE PONT-CHATEAU<\/h3>\t\t\t\t\t\t\t\t<\/div>\n\t\t\t\t<\/div>\n\t\t\t\t\t<\/div>\n\t\t\t\t<\/div>\n\t\t<div class=\"elementor-element elementor-element-e771c2b e-grid e-con-boxed e-con e-parent\" data-id=\"e771c2b\" data-element_type=\"container\" data-e-type=\"container\">\n\t\t\t\t\t<div class=\"e-con-inner\">\n\t\t\t\t<div class=\"elementor-element elementor-element-5adcdc3 elementor-widget elementor-widget-text-editor\" data-id=\"5adcdc3\" data-element_type=\"widget\" data-e-type=\"widget\" data-widget_type=\"text-editor.default\">\n\t\t\t\t<div class=\"elementor-widget-container\">\n\t\t\t\t\t\t\t\t\t<h5>LE LIEU<\/h5><p>La Lande de la Madeleine \u00e9tait, depuis toujours sans doute, une terre inculte, qui servait de p\u00e2ture commune aux troupeaux des habitants voisins. Quelques chaumi\u00e8res seulement \u00e9taient diss\u00e9min\u00e9es aux alentours. Dans la for\u00eat toute proche, il y avait eu jadis une l\u00e9proserie, dont l&#8217;emplacement exact semble ignor\u00e9; et, \u00e0 la lisi\u00e8re de la for\u00eat, une petite chapelle \u00e9tait depuis longtemps d\u00e9di\u00e9e \u00e0 Sainte Marie-Madeleine.<\/p><p>A quelques centaines de m\u00e8tres en allant vers Crossac, un menhir, de sept m\u00e8tres de haut, d\u00e9nomm\u00e9 \u00a0\u00bb le Fuseau de la Madeleine \u00ab\u00a0, se dresse encore, t\u00e9moin muet d&rsquo;un pass\u00e9 lointain et myst\u00e9rieux.<\/p><p>Or, un jour de Janvier 1673, les habitants des environs furent spectateurs d&rsquo;un prodige extraordinaire. Des croix lumineuses escort\u00e9es de magnifiques \u00e9tendards, apparurent dans le ciel, sur le point culminant de la Lande. Un bruit terrible se fit entendre au moment de l&rsquo;apparition, et les troupeaux qui paissaient l\u00e0 s&rsquo;enfuirent jusqu&rsquo;\u00e0 leurs \u00e9tables. Mais bient\u00f4t, et pendant pr\u00e8s d&rsquo;une heure, lui succ\u00e9d\u00e8rent des chants m\u00e9lodieux \u00a0\u00bb qu&rsquo;on aurait dit ex\u00e9cut\u00e9s par des milliers de voix c\u00e9lestes \u00ab\u00a0<\/p><p>Co\u00efncidence? Ce jour-l\u00e0 m\u00eame, A cent kilom\u00e8tres de l\u00e0, \u00e0 Montfort-la-Cane, alors du dioc\u00e8se de Saint-Malo, naissait celui que Saint Vincent Ferrier, pr\u00eachant dans la r\u00e9gion, avait annonc\u00e9 deux si\u00e8cles et demi plus t\u00f4t, Louis-Marie Grignion, que l&rsquo;on appellera commun\u00e9ment \u00a0\u00bb Le P\u00e8re de Montfort \u00a0\u00bb parce qu&rsquo;il a voulu, tr\u00e8s vite, remplacer son nom de famille par le nom du lieu de son bapt\u00eame.<\/p>\t\t\t\t\t\t\t\t<\/div>\n\t\t\t\t<\/div>\n\t\t\t\t<div class=\"elementor-element elementor-element-429e31f elementor-widget elementor-widget-text-editor\" data-id=\"429e31f\" data-element_type=\"widget\" data-e-type=\"widget\" data-widget_type=\"text-editor.default\">\n\t\t\t\t<div class=\"elementor-widget-container\">\n\t\t\t\t\t\t\t\t\t<p>L&rsquo;HOMME<\/p><p>Et voil\u00e0 que 36 ans plus tard, le P\u00e8re de Montfort, conduit par la Providence, se trouvait engag\u00e9 dans une longue s\u00e9rie de missions paroissiales au pays nantais. Il avait d&rsquo;abord \u00e9vang\u00e9lis\u00e9 les habitants des vignobles au Sud de la Loire. Maintenant, de mois en mois, il progressait au Nord-Ouest de Nantes.<\/p><p>Du printemps \u00e0 l&rsquo;automne 1709, il pr\u00eacha cinq missions dans la r\u00e9gion de Pont-Ch\u00e2teau : Campbon, o\u00f9 il arriva le mercredi des Cendres 13 F\u00e9vrier, puis Besn\u00e9, Pont-Ch\u00e2teau, Crossac, et Missillac. On note partout que les paroissiens \u00e9taient enthousiastes, souvent plus que leurs pr\u00eatres, dont certains se contentaient d&rsquo;\u00eatre les chapelains des Seigneurs du lieu. Et sa pr\u00e9dication exigeante lui a s\u00fbrement suscit\u00e9, dans ce milieu seigneurial, bien des ennemis. Rien d&rsquo;\u00e9tonnant&#8230; s&rsquo;il chantait ou faisait chanter des cantiques tels que celui-ci, compos\u00e9 justement lors de la mission de Campbon :<\/p><p>\u00ab\u00a0Soupirons, g\u00e9missons, pleurons am\u00e8rement,<\/p><p>On d\u00e9laisse J\u00e9sus au Tr\u00e8s Saint Sacrement!<\/p><p>Tout reluit chez Monsieur, il est tr\u00e8s bien meubl\u00e9,<\/p><p>L&rsquo;\u00e9glise est dans l&rsquo;oubli, l&rsquo;autel est d\u00e9pouill\u00e9,<\/p><p>Le pay\u00e9 tout bris\u00e9, le toit sans couverture,<\/p><p>Les murs tout \u00e9croul\u00e9s et tout couverts d&rsquo;ordures.<\/p><p>Si quelque chose est propre en la Maison de Dieu,<\/p><p>C&rsquo;est le banc de Madame ou du Seigneur du lieu.<\/p><p>On place, au lieu du Nom du Seigneur Immortel,<\/p><p>Les armes de Monsieur au milieu de l&rsquo;autel ;<\/p><p>Le pr\u00eatre et le mulet portent ses armoiries,<\/p><p>L&rsquo;un l&rsquo;honore \u00e0 l&rsquo;autel, l&rsquo;autre en ses \u00e9curies&#8230; \u00ab\u00a0<\/p><p>(3)Les reproches exprim\u00e9s dans ce cantique expliquent, pour une part certaine, la profonde rancune dont fut l&rsquo;objet le P\u00e8re de Montfort, et l&rsquo;interdit jet\u00e9 plus tard sur son Calvaire.<\/p><p>L&rsquo;\u00e9glise de Campbon, par exemple, ressemblait plus \u00e0 une grange qu&rsquo;\u00e0 un lieu de culte. Et, comme dans toute la r\u00e9gion, l&rsquo;usage d&rsquo;y enterrer les morts avait fait de sa nef un v\u00e9ritable champ. Alors, un matin, le missionnaire mobilisa les hommes de la paroisse et leur proposa d&rsquo;enlever s\u00e9ance tenante, toutes ces pierres tombales. Ce qui fut fait. Mais, parmi ces tombes, se trouvaient celles des Seigneurs de Coaslin, Seigneurs du lieu. D&rsquo;o\u00f9 scandales, disputes, et m\u00eame menaces et tentative de mort. D&rsquo;o\u00f9 enfin cette rancune \u00e0 la m\u00e9moire longue dont le Calvaire de Pont-Ch\u00e2teau fera les frais&#8230;<\/p><p><span style=\"text-align: var(--text-align);\">(4)Le P\u00e8re de Montfort ouvrit la mission de Pont-Ch\u00e2teau au d\u00e9but d&rsquo;Avril 1709. Et elle dut se cl\u00f4turer le 1er Mai.<\/span><\/p><p>Et c&rsquo;est vers la fin de cette mission qu&rsquo;il fit conna\u00eetre son projet d&rsquo;\u00e9riger, dans les environs, un Calvaire monumental. Un projet qu&rsquo;il portait en lui depuis son s\u00e9jour au Mont-Val\u00e9rien, pr\u00e8s de Paris, durant l&rsquo;hiver 1703-1704. Dans ce but, il conservait pr\u00e9cieusement, dans ses \u00a0\u00bb bagages de mission \u00ab\u00a0, un grand Christ en bois, de sept pieds de haut (soit environ deux m\u00e8tres), oeuvre d&rsquo;un artisan de Saint-Brieuc, et auquel il avait sans doute lui-m\u00eame travaill\u00e9. Ce Christ, astucieusement mis \u00e0 l&rsquo;abri des destructions r\u00e9volutionnaires de 1793, existe toujours. Il est maintenant conserv\u00e9 dans la petite chapelle qui se trouve au pied du Calvaire.<\/p>\t\t\t\t\t\t\t\t<\/div>\n\t\t\t\t<\/div>\n\t\t\t\t<div class=\"elementor-element elementor-element-9f20e65 elementor-widget elementor-widget-text-editor\" data-id=\"9f20e65\" data-element_type=\"widget\" data-e-type=\"widget\" data-widget_type=\"text-editor.default\">\n\t\t\t\t<div class=\"elementor-widget-container\">\n\t\t\t\t\t\t\t\t\t<p>LE CHANTIER<\/p><p>Le missionnaire semble avoir eu d&rsquo;abord le projet d&rsquo;\u00e9riger ce Calvaire sur la Lande de Cr\u00e9vy, pr\u00e8s de Sainte-Reine, \u00e0 8 Km de Pont-Ch\u00e2teau. Mais finalement, et peut-\u00eatre guid\u00e9 par des signes myst\u00e9rieux &#8211; on parle toujours de colombes qui, par becqu\u00e9es, transportaient la terre fra\u00eechement remu\u00e9e, de la Lande de Cr\u00e9vy jusqu&rsquo;\u00e0 celle de la Madeleine &#8211; Montfort fixa son choix d\u00e9finitif sur cette Lande de la Madeleine.<\/p><p>Les travaux commenc\u00e8rent pour de bon en Octobre 1709. A tour de r\u00f4le, les paroisses du voisinage venaient travailler sur cet immense chantier. Plusieurs centaines de personnes y arrivaient chaque matin, avec leurs outils rudimentaires et quelques provisions. Voici la description qu&rsquo;en donne l&rsquo;Abb\u00e9 Olivier, un des collaborateurs du P\u00e8re de Montfort en ces ann\u00e9es-l\u00e0: \u00a0\u00bb J&rsquo;ai vu ordinairement, 400 \u00e0 500 personnes y travailler ensemble. Les uns b\u00eachaient la terre, d&rsquo;autres la chargeaient, d&rsquo;autres la portaient dans des hottes. J&rsquo;ai compt\u00e9 jusqu&rsquo;\u00e0 cent paires de boeufs pour tirer les charrettes. J&rsquo;ai vu retirer des douves des pierres qui pesaient jusqu&rsquo;\u00e0 deux pipes de vin (soit environ 800 kilos). J&rsquo;ai vu toutes sortes de gens travailler \u00e0 ces terrassements: des Messieurs, des Dames de qualit\u00e9, et m\u00eame des pr\u00eatres, qui portaient la terre par d\u00e9votion. J&rsquo;ai vu des peuples y venir de tous cot\u00e9s. Il y en avait m\u00eame d&rsquo;Espagne et des Flandres. A la fin de la journ\u00e9e, on invitait tous ces travailleurs \u00e0 venir rendre leurs devoirs au Christ qui \u00e9tait dans une petite grotte, qu&rsquo;une simple chandelle \u00e9clairait \u00ab\u00a0.<\/p><p>Tout en continuant de pr\u00eacher les missions, \u00e0 Missillac et ailleurs, le P\u00e8re de Montfort venait chaque semaine visiter le chantier et encourager ses travailleurs.<\/p><p>On raconte, encore maintenant, comment il se faisait \u00a0\u00bb mendiant \u00ab\u00a0, allant de chaumi\u00e8re en chaumi\u00e8re demander du pain pour son monde. Parfois, il \u00e9tait \u00e9conduit. Plus souvent, il \u00e9tait bien re\u00e7u. Mais, par ce temps de disettes &#8211; s\u00e9cheresse, gel et inondations se succ\u00e9d\u00e8rent en ces ann\u00e9es-l\u00e0, et de plus, la France \u00e9tait en guerre avec l&rsquo;Angleterre &#8211; on craignait parfois de manquer. Et c&rsquo;est ainsi que l&rsquo;on raconte \u00e9galement comment le pain, denr\u00e9e si rare et si pr\u00e9cieuse, se multipliait, par exemple dans la b\u00fbche de Jeanne Guigan, \u00e0 la ferme de la Viauderie, sur la route de Crossac. On dit encore que de nombreux miracles s&rsquo;accomplissaient autour du chantier du Calvaire. Il en a \u00e9t\u00e9 dress\u00e9 une liste de plus de 150. On dit enfin que la Vierge Marie, conversant avec son serviteur, y fut aper\u00e7ue quelquefois par quelques \u00e2mes privil\u00e9gi\u00e9es.<\/p>\t\t\t\t\t\t\t\t<\/div>\n\t\t\t\t<\/div>\n\t\t\t\t<div class=\"elementor-element elementor-element-f55d976 elementor-widget elementor-widget-text-editor\" data-id=\"f55d976\" data-element_type=\"widget\" data-e-type=\"widget\" data-widget_type=\"text-editor.default\">\n\t\t\t\t<div class=\"elementor-widget-container\">\n\t\t\t\t\t\t\t\t\t<p>L&rsquo;INTERDIT<\/p><p>La B\u00e9n\u00e9diction solennelle du Calvaire avait \u00e9t\u00e9 fix\u00e9e au 14 Septembre 1710, jour de l&rsquo;Exaltation de la Sainte Croix. D\u00e8s le 13 au soir, les p\u00e8lerins affluaient de partout, y compris des dioc\u00e8ses voisins, de Rennes et de Vannes. M\u00eame le vieux papa du missionnaire \u00e9tait venu \u00e0 petites journ\u00e9es. Ces 20.000 fid\u00e8les allaient camper et veiller toute la nuit. Et quatre missionnaires avaient \u00e9t\u00e9 mobilis\u00e9s pour les aider a prier.<\/p><p>Or, au soir de ce 13 Septembre, vers 4 heures, un cur\u00e9 voisin arriva, porteur d&rsquo;un \u00e9crit de Mgr Gilles de Beauvau, \u00e9v\u00eaque de Nantes, qui interdisait de proc\u00e9der \u00e0 la b\u00e9n\u00e9diction du Calvaire. Aussit\u00f4t, le P\u00e8re de Montfort se met en route pour Nantes, voulant tenter de s&rsquo;expliquer de vive voix avec l&rsquo;\u00e9v\u00eaque. Mais Mgr de Beauvau ne put que donner au missionnaire connaissance de l&rsquo;Interdit, qui \u00e9tait venu de Versailles suite aux d\u00e9nonciations qui y avaient \u00e9t\u00e9 port\u00e9es.<\/p><p>Voici un extrait de cet Interdit : \u00a0\u00bb Sa Majest\u00e9 &#8211; il s&rsquo;agit de Louis XIV &#8211; ayant su que ce Calvaire \u00e9tait propre \u00e0 donner asile \u00e0 des gens de mauvaise volont\u00e9 plut\u00f4t qu&rsquo;\u00e0 entretenir la d\u00e9votion du peuple, m&rsquo;a ordonn\u00e9 de vous \u00e9crire que tout ce qui a \u00e9t\u00e9 fait soit d\u00e9truit, les foss\u00e9s combl\u00e9s, les croix et autres figures supprim\u00e9es \u00ab\u00a0.<\/p><p>La r\u00e9action \u00e0 peu pr\u00e8s imm\u00e9diate, du P\u00e8re de Montfort, se r\u00e9sume en cette phrase: \u00a0\u00bb Dieu soit b\u00e9ni ! Je n&rsquo;ai jamais song\u00e9 \u00e0 ma gloire, mais \u00e0 la sienne. J&rsquo;esp\u00e8re qu&rsquo;il me recevra avec la m\u00eame faveur que si j&rsquo;avais r\u00e9ussi&#8230; \u00a0\u00bb Ce qu&rsquo;apprenant, Mgr de Beauvau dit \u00e0 son Vicaire G\u00e9n\u00e9ral M. Barrin qui \u00e9tait un ami du missionnaire : \u00a0\u00bb Cet homme est un saint, ou un fieff\u00e9 hypocrite ! \u00ab\u00a0.<\/p>\t\t\t\t\t\t\t\t<\/div>\n\t\t\t\t<\/div>\n\t\t\t\t<div class=\"elementor-element elementor-element-70acf41 elementor-widget elementor-widget-text-editor\" data-id=\"70acf41\" data-element_type=\"widget\" data-e-type=\"widget\" data-widget_type=\"text-editor.default\">\n\t\t\t\t<div class=\"elementor-widget-container\">\n\t\t\t\t\t\t\t\t\t<p>LA DESTRUCTION<\/p><p>Bient\u00f4t, on vit arriver a Pont-Ch\u00e2teau, une compagnie de soldats, sous les ordres du Commandant de l&rsquo;Espinasse. Celui-ci r\u00e9quisitionna environ 500 paysans, et les somma d&rsquo;abattre les croix et de niveler le terrain. Ils r\u00e9sist\u00e8rent plusieurs jours. Pour les faire c\u00e9der, le Commandant mena\u00e7a de faire scier les croix par ses soldats. Craignant alors de voir leur Christ bris\u00e9, les travailleurs se mirent \u00e0 descendre, avec pr\u00e9caution et respect, l&rsquo;image de leur Sauveur, et l&#8217;emport\u00e8rent en lieu s\u00fbr, ainsi que les autres statues.<\/p><p>Ensuite, le reste de la d\u00e9molition tra\u00eena en longueur. Apr\u00e8s trois mois, la montagne \u00e9tait \u00e0 demi ras\u00e9e seulement ; et on en resta la&#8230;<\/p>\t\t\t\t\t\t\t\t<\/div>\n\t\t\t\t<\/div>\n\t\t\t\t<div class=\"elementor-element elementor-element-14afdca elementor-widget elementor-widget-text-editor\" data-id=\"14afdca\" data-element_type=\"widget\" data-e-type=\"widget\" data-widget_type=\"text-editor.default\">\n\t\t\t\t<div class=\"elementor-widget-container\">\n\t\t\t\t\t\t\t\t\t<p>LES ETAPES DE LA RESTAURATION<\/p><p>Toutes les entreprises concernant la restauration du Calvaire furent des aventures dignes de la premi\u00e8re construction conduite par le P\u00e8re de Montfort : fond\u00e9es sur une foi audacieuse, et r\u00e9alis\u00e9es par des foules de travailleurs b\u00e9n\u00e9voles, qui venaient, d&rsquo;un seul \u00e9lan, servir une grande cause, donner le t\u00e9moignage de leur foi, et approfondir cette foi dans la r\u00e9flexion et la pri\u00e8re, autour de ce travail.<\/p><p>Une premi\u00e8re tentative<\/p><p>En 1747, les P\u00e8res Mulot et Audubon, successeurs du P\u00e8re de Montfort, qui \u00e9tait mort en 1716, pr\u00eachaient \u00e0 nouveau une mission \u00e0 Pont-Ch\u00e2teau. Le P\u00e8re Mulot laissa quelque temps le P\u00e8re Audubon sur place, afin de relever le Calvaire. Les gens r\u00e9pondent avec enthousiasme. Mais le P\u00e8re Audubon se heurte aux m\u00eames difficult\u00e9s que le P\u00e8re de Montfort 37 ans plus t\u00f4t. Sur opposition de M. de Menou, Commandant de la place de Nantes, les travaux doivent \u00eatre suspendus, et la b\u00e9n\u00e9diction du Calvaire, est faite \u00a0\u00bb en cachette et sans solemnit\u00e9 \u00ab\u00a0, disent les archives.<\/p><p>Une seconde tentative<\/p><p>En 1783-84, encore \u00e0 l&rsquo;occasion d&rsquo;une mission pr\u00each\u00e9e par les fils du P\u00e8re de Montfort \u00e0 Pont-Ch\u00e2teau, on proc\u00e8de \u00e0 quelques travaux, et on plante trois croix.<\/p><p>Mais une nuit de 1793, le Calvaire est saccag\u00e9, la chapelle de la Madeleine incendi\u00e9e, les croix et les statues sont br\u00fbl\u00e9es. Par bonheur, le Christ du P\u00e8re de Montfort est cach\u00e9 \u00e0 Saint-Laurent-sur-S\u00e8vre depuis 1748, et \u00e9chappe donc \u00e0 la destruction. Ce qui nous vaut de l&rsquo;avoir encore aujourd&rsquo;hui.<\/p><p>Cependant, d\u00e8s 1803, des mains pieuses viennent \u00e0 nouveau dresser au Calvaire trois modestes croix, en attendant mieux&#8230;<\/p><p>La grande restauration de l&rsquo;Abb\u00e9 Gouray<\/p><p>En 1821, le Cur\u00e9 de Pont-Ch\u00e2teau est l&rsquo;abb\u00e9 Gouray, enfant de Sainte-Reine, et pr\u00eatre r\u00e9put\u00e9 tr\u00e8s z\u00e9l\u00e9. Il entreprend alors d&rsquo;immenses travaux, qui feront de la butte, \u00e0 quelques m\u00e8tres de hauteur pr\u00e8s, presque ce qu&rsquo;elle est aujourd&rsquo;hui. Il mobilise ses paroissiens, qui fourniront 21.925 journ\u00e9es de travail. Et, le 23 Septembre 1821, Monseigneur d&rsquo;Andign\u00e9, \u00e9v\u00eaque de Nantes, vint b\u00e9nir solennellement le Calvaire enfin restaur\u00e9 et achev\u00e9.<\/p><p>La prise en charge du Calvaire par les P\u00e8res Montfortains<\/p><p>C&rsquo;est en 1863 que Mgr Jacquemet, \u00e9v\u00eaque de Nantes, demande aux fils du P\u00e8re de Montfort de venir demeurer au Calvaire et d&rsquo;y animer les p\u00e8lerinages, de plus en plus importants. Ils s&rsquo;y \u00e9tablissent le 29 Ao\u00fbt 1865, pr\u00e9c\u00e9d\u00e9s par quelques Fr\u00e8res de leur Institut.<\/p><p>La Chapelle du P\u00e8lerinage est b\u00e2tie ensuite, et b\u00e9nie en Avril 1873. Le P\u00e8re de Montfort est b\u00e9atifi\u00e9 le 22 Janvier 1888 par L\u00e9on XIII.<\/p><p>Et les P\u00e8lerinages au Calvaire se d\u00e9veloppent, alors qu&rsquo;une voix, \u00e0 la Chambre des D\u00e9put\u00e9s, avait pourtant d\u00e9clar\u00e9: \u00a0\u00bb Les p\u00e8lerinages ne sont plus dans nos moeurs ! \u00ab\u00a0.<\/p><p>D&rsquo;ailleurs, le Seigneur semble semer les miracles sur la Lande de la Madeleine. Quelques exemples :<\/p><p>&#8211; C&rsquo;est Anne-Marie Gauthier, \u00e9pouse Pabreuf et m\u00e8re de six enfants, du village de Lano\u00eb, en Pont-Ch\u00e2teau, percluse de tous ses membres, qui est gu\u00e9rie instantan\u00e9ment au retour d&rsquo;un p\u00e8lerinage au Calvaire. D\u00e8s le lendemain, elle part faire son march\u00e9!<\/p><p>&#8211; C&rsquo;est une jeune fille de Crossac, St\u00e9phanie Corbill\u00e9, condamn\u00e9e par cinq m\u00e9decins et dont le cas est d\u00e9sesp\u00e9r\u00e9, son estomac ne supportant plus rien, qui veut \u00e0 tout prix \u00eatre transport\u00e9e au Calvaire. On d\u00e9pose alors St\u00e9phanie devant l&rsquo;autel o\u00f9 se trouvent les reliques du Bienheureux. Au terme d&rsquo;une longue pri\u00e8re, elle se l\u00e8ve, va baiser le reliquaire, et, soudain, se tournant vers ses parents et ses compagnes, elle d\u00e9clare : \u00a0\u00bb Je suis gu\u00e9rie! \u00a0\u00bb Et c&rsquo;est vrai&#8230; Plus tard, entr\u00e9e dans la Congr\u00e9gation de la Sagesse, elle se d\u00e9vouera pendant trentetrois ans au service des malades&#8230;<\/p><p>La grande \u00e9tape du P\u00e8re Jacques Barr\u00e9<\/p><p>Le P\u00e8re Jacques Barr\u00e9 sera sup\u00e9rieur des missionnaires du Calvaire pendant 25 ans: de 1888 \u00e0 1913. D\u00e8s son arriv\u00e9e, il appelle des volontaires de tous les environs, \u00e0 plusieurs lieues \u00e0 la ronde, pour travailler au d\u00e9veloppement du P\u00e8lerinage. Chaque jour en am\u00e8ne de nouveaux, dont les noms sont enregistr\u00e9s sur le \u00a0\u00bb Livre d&rsquo;Or\u00a0\u00bb. C&rsquo;est gr\u00e2ce \u00e0 leur travail que l&rsquo;ensemble du P\u00e8lerinage acquiert son visage actuel. On plante des arbres. On construit grottes et monuments. La seule \u00e9num\u00e9ration de ces travaux est suffisamment \u00e9loquente par elle-m\u00eame :<\/p><p>1891 : b\u00e9n\u00e9diction de la Scala Sancta ;<\/p><p>&#8211; 1895 : sur\u00e9l\u00e9vation du Calvaire, et grotte d&rsquo;Adam ;<\/p><p>&#8211; 1899 : mise en place des groupes du Chemin de Croix ;<\/p><p>&#8211; 1902 : Grotte de Bethl\u00e9em et Grotte de l&rsquo;Agonie ;<\/p><p>&#8211; 1905 : Nazareth, et la Visitation ;<\/p><p>&#8211; 1913: Groupe de l&rsquo;Ascension&#8230;<\/p><p>&#8230; et celle du P\u00e8re Henri Daniel<\/p><p>Le P\u00e8re Henri Daniel fut Directeur du P\u00e8lerinage de 1928 a 1943. C&rsquo;est lui qui fit construire le \u00a0\u00bb Temple de J\u00e9rusalem\u00a0\u00bb, \u00e0 la fois si \u00e9vocateur, par ses grandes fresques \u00e9vang\u00e9liques, et si utile pour les grands rassemblements. Il r\u00e9alisa \u00e9galement le \u00a0\u00bb C\u00e9nacle\u00a0\u00bb, ainsi que la \u00a0\u00bb Nouvelle Visitation \u00ab\u00a0, avec leurs fresques et enfin, dans la petite chapelle du Calvaire, il fit courir sur les murs des fresques relatant divers \u00e9pisodes de la vie du P\u00e8re de Montfort.<\/p><p>Une apoth\u00e9ose: La Canonisation du P\u00e8re de Montfort<\/p><p>C&rsquo;\u00e9tait le 20 Juillet 1947. Le Pape Pie XII proclama solennellement la Saintet\u00e9 du Serviteur de Dieu Louis-Marie Grignon de Montfort.<\/p><p>Durant toute l&rsquo;ann\u00e9e qui suivit, des f\u00eates furent organis\u00e9es un peu partout dans le monde chr\u00e9tien en l&rsquo;honneur du nouveau Saint. Au Calvaire en Juin 1948, un Triduum rassembla pr\u00e8s de 200.000 personnes. Il \u00e9tait pr\u00e9sid\u00e9 par le Nonce Apostolique en France, Mgr Roncalli, le futur Pape Jean XXIII, qui tout heureux, d\u00e9clarait: \u00a0\u00bb En contemplant cette foule, on se croirait \u00e0 Rome, Place Saint-Pierre, un jour de P\u00e2ques. \u00ab\u00a0&#8230;<\/p><p>Et&#8230; c&rsquo;est vrai: c&rsquo;est P\u00e2ques tous les jours, depuis 1709, sur la Lande de la Madeleine<\/p>\t\t\t\t\t\t\t\t<\/div>\n\t\t\t\t<\/div>\n\t\t\t\t\t<\/div>\n\t\t\t\t<\/div>\n\t\t\t\t<\/div>\n\t\t","protected":false},"excerpt":{"rendered":"<p>Communaut\u00e9 Le Calvaire de Pontch\u00e2teau 1 Rue de l&rsquo;Abb\u00e9 Fran\u00e7ois Gouray, 44160 Pontch\u00e2teau Communaut\u00e9 internationale Le P\u00e8re Santino, sup\u00e9rieur de la communaut\u00e9 et toute la communaut\u00e9 vous accueillent dans ce Haut-Lieu montfortain. Contactez la Communaut\u00e9 Le Calvaire de Ponch\u00e2teau \u00a0La famille montfortaine et les b\u00e9n\u00e9voles vous accueillent et vous guide dans ce parc spirituel et [&hellip;]<\/p>\n","protected":false},"author":1,"featured_media":0,"parent":0,"menu_order":0,"comment_status":"closed","ping_status":"closed","template":"","meta":{"content-type":"","_uag_custom_page_level_css":"","site-sidebar-layout":"default","site-content-layout":"","ast-site-content-layout":"default","site-content-style":"default","site-sidebar-style":"default","ast-global-header-display":"","ast-banner-title-visibility":"","ast-main-header-display":"","ast-hfb-above-header-display":"","ast-hfb-below-header-display":"","ast-hfb-mobile-header-display":"","site-post-title":"","ast-breadcrumbs-content":"","ast-featured-img":"","footer-sml-layout":"","theme-transparent-header-meta":"","adv-header-id-meta":"","stick-header-meta":"","header-above-stick-meta":"","header-main-stick-meta":"","header-below-stick-meta":"","astra-migrate-meta-layouts":"default","ast-page-background-enabled":"default","ast-page-background-meta":{"desktop":{"background-color":"","background-image":"","background-repeat":"repeat","background-position":"center center","background-size":"auto","background-attachment":"scroll","background-type":"","background-media":"","overlay-type":"","overlay-color":"","overlay-opacity":"","overlay-gradient":""},"tablet":{"background-color":"","background-image":"","background-repeat":"repeat","background-position":"center center","background-size":"auto","background-attachment":"scroll","background-type":"","background-media":"","overlay-type":"","overlay-color":"","overlay-opacity":"","overlay-gradient":""},"mobile":{"background-color":"","background-image":"","background-repeat":"repeat","background-position":"center center","background-size":"auto","background-attachment":"scroll","background-type":"","background-media":"","overlay-type":"","overlay-color":"","overlay-opacity":"","overlay-gradient":""}},"ast-content-background-meta":{"desktop":{"background-color":"var(--ast-global-color-5)","background-image":"","background-repeat":"repeat","background-position":"center center","background-size":"auto","background-attachment":"scroll","background-type":"","background-media":"","overlay-type":"","overlay-color":"","overlay-opacity":"","overlay-gradient":""},"tablet":{"background-color":"var(--ast-global-color-5)","background-image":"","background-repeat":"repeat","background-position":"center center","background-size":"auto","background-attachment":"scroll","background-type":"","background-media":"","overlay-type":"","overlay-color":"","overlay-opacity":"","overlay-gradient":""},"mobile":{"background-color":"var(--ast-global-color-5)","background-image":"","background-repeat":"repeat","background-position":"center center","background-size":"auto","background-attachment":"scroll","background-type":"","background-media":"","overlay-type":"","overlay-color":"","overlay-opacity":"","overlay-gradient":""}},"footnotes":""},"class_list":["post-26010","page","type-page","status-publish","hentry"],"uagb_featured_image_src":{"full":false,"thumbnail":false,"medium":false,"medium_large":false,"large":false,"1536x1536":false,"2048x2048":false},"uagb_author_info":{"display_name":"olivier","author_link":""},"uagb_comment_info":0,"uagb_excerpt":"Communaut\u00e9 Le Calvaire de Pontch\u00e2teau 1 Rue de l&rsquo;Abb\u00e9 Fran\u00e7ois Gouray, 44160 Pontch\u00e2teau Communaut\u00e9 internationale Le P\u00e8re Santino, sup\u00e9rieur de la communaut\u00e9 et toute la communaut\u00e9 vous accueillent dans ce Haut-Lieu montfortain. Contactez la Communaut\u00e9 Le Calvaire de Ponch\u00e2teau \u00a0La famille montfortaine et les b\u00e9n\u00e9voles vous accueillent et vous guide dans ce parc spirituel et\u2026","_links":{"self":[{"href":"https:\/\/missionnairesmontfortains.fr\/sitevaovao\/wp-json\/wp\/v2\/pages\/26010","targetHints":{"allow":["GET"]}}],"collection":[{"href":"https:\/\/missionnairesmontfortains.fr\/sitevaovao\/wp-json\/wp\/v2\/pages"}],"about":[{"href":"https:\/\/missionnairesmontfortains.fr\/sitevaovao\/wp-json\/wp\/v2\/types\/page"}],"author":[{"embeddable":true,"href":"https:\/\/missionnairesmontfortains.fr\/sitevaovao\/wp-json\/wp\/v2\/users\/1"}],"replies":[{"embeddable":true,"href":"https:\/\/missionnairesmontfortains.fr\/sitevaovao\/wp-json\/wp\/v2\/comments?post=26010"}],"version-history":[{"count":3,"href":"https:\/\/missionnairesmontfortains.fr\/sitevaovao\/wp-json\/wp\/v2\/pages\/26010\/revisions"}],"predecessor-version":[{"id":27840,"href":"https:\/\/missionnairesmontfortains.fr\/sitevaovao\/wp-json\/wp\/v2\/pages\/26010\/revisions\/27840"}],"wp:attachment":[{"href":"https:\/\/missionnairesmontfortains.fr\/sitevaovao\/wp-json\/wp\/v2\/media?parent=26010"}],"curies":[{"name":"wp","href":"https:\/\/api.w.org\/{rel}","templated":true}]}}