{"id":26000,"date":"2025-01-23T21:51:09","date_gmt":"2025-01-23T21:51:09","guid":{"rendered":"https:\/\/missionnairesmontfortains.fr\/sitevaovao\/?page_id=26000"},"modified":"2025-03-27T02:02:40","modified_gmt":"2025-03-27T02:02:40","slug":"la-vie-de-saint-louis-marie-grignion-de-montfort","status":"publish","type":"page","link":"https:\/\/missionnairesmontfortains.fr\/sitevaovao\/la-vie-de-saint-louis-marie-grignion-de-montfort\/","title":{"rendered":"La vie de Saint Louis-Marie Grignion de Montfort"},"content":{"rendered":"\t\t<div data-elementor-type=\"wp-page\" data-elementor-id=\"26000\" class=\"elementor elementor-26000\">\n\t\t\t\t<div class=\"elementor-element elementor-element-419494bb e-con-full e-flex e-con e-parent\" data-id=\"419494bb\" data-element_type=\"container\" data-e-type=\"container\" data-settings=\"{&quot;background_background&quot;:&quot;classic&quot;,&quot;shape_divider_top&quot;:&quot;mountains&quot;}\">\n\t\t\t\t<div class=\"elementor-shape elementor-shape-top\" aria-hidden=\"true\" data-negative=\"false\">\n\t\t\t<svg xmlns=\"http:\/\/www.w3.org\/2000\/svg\" viewBox=\"0 0 1000 100\" preserveAspectRatio=\"none\">\n\t<path class=\"elementor-shape-fill\" opacity=\"0.33\" d=\"M473,67.3c-203.9,88.3-263.1-34-320.3,0C66,119.1,0,59.7,0,59.7V0h1000v59.7 c0,0-62.1,26.1-94.9,29.3c-32.8,3.3-62.8-12.3-75.8-22.1C806,49.6,745.3,8.7,694.9,4.7S492.4,59,473,67.3z\"\/>\n\t<path class=\"elementor-shape-fill\" opacity=\"0.66\" d=\"M734,67.3c-45.5,0-77.2-23.2-129.1-39.1c-28.6-8.7-150.3-10.1-254,39.1 s-91.7-34.4-149.2,0C115.7,118.3,0,39.8,0,39.8V0h1000v36.5c0,0-28.2-18.5-92.1-18.5C810.2,18.1,775.7,67.3,734,67.3z\"\/>\n\t<path class=\"elementor-shape-fill\" d=\"M766.1,28.9c-200-57.5-266,65.5-395.1,19.5C242,1.8,242,5.4,184.8,20.6C128,35.8,132.3,44.9,89.9,52.5C28.6,63.7,0,0,0,0 h1000c0,0-9.9,40.9-83.6,48.1S829.6,47,766.1,28.9z\"\/>\n<\/svg>\t\t<\/div>\n\t\t\t\t<div class=\"elementor-element elementor-element-00bff3d elementor-widget elementor-widget-text-editor\" data-id=\"00bff3d\" data-element_type=\"widget\" data-e-type=\"widget\" data-widget_type=\"text-editor.default\">\n\t\t\t\t<div class=\"elementor-widget-container\">\n\t\t\t\t\t\t\t\t\t<p>SAINT LOUIS-MARIE GRIGNION DE MONTFORT<\/p>\t\t\t\t\t\t\t\t<\/div>\n\t\t\t\t<\/div>\n\t\t\t\t<\/div>\n\t\t<div class=\"elementor-element elementor-element-4fbf236 e-flex e-con-boxed e-con e-parent\" data-id=\"4fbf236\" data-element_type=\"container\" data-e-type=\"container\" data-settings=\"{&quot;background_background&quot;:&quot;classic&quot;}\">\n\t\t\t\t\t<div class=\"e-con-inner\">\n\t\t<div class=\"elementor-element elementor-element-f858fe5 e-con-full e-flex e-con e-child\" data-id=\"f858fe5\" data-element_type=\"container\" data-e-type=\"container\">\n\t\t\t\t<div class=\"elementor-element elementor-element-90bd291 elementor-widget elementor-widget-heading\" data-id=\"90bd291\" data-element_type=\"widget\" data-e-type=\"widget\" data-widget_type=\"heading.default\">\n\t\t\t\t<div class=\"elementor-widget-container\">\n\t\t\t\t\t<h3 class=\"elementor-heading-title elementor-size-default\">MAITRE ET GUIDE SPIRITUEL POUR L'\u00c9GLISE D' AUJOURD'HUI<\/h3>\t\t\t\t<\/div>\n\t\t\t\t<\/div>\n\t\t\t\t<div class=\"elementor-element elementor-element-2d468ed elementor-widget elementor-widget-text-editor\" data-id=\"2d468ed\" data-element_type=\"widget\" data-e-type=\"widget\" data-widget_type=\"text-editor.default\">\n\t\t\t\t<div class=\"elementor-widget-container\">\n\t\t\t\t\t\t\t\t\t<h3 style=\"text-align: center;\"><img fetchpriority=\"high\" decoding=\"async\" class=\"alignleft wp-image-25799 size-full\" src=\"https:\/\/missionnairesmontfortains.fr\/sitevaovao\/wp-content\/uploads\/2025\/01\/20250101_120631-scaled.jpg\" alt=\"\" width=\"2560\" height=\"1920\" srcset=\"https:\/\/missionnairesmontfortains.fr\/sitevaovao\/wp-content\/uploads\/2025\/01\/20250101_120631-scaled.jpg 2560w, https:\/\/missionnairesmontfortains.fr\/sitevaovao\/wp-content\/uploads\/2025\/01\/20250101_120631-300x225.jpg 300w, https:\/\/missionnairesmontfortains.fr\/sitevaovao\/wp-content\/uploads\/2025\/01\/20250101_120631-1024x768.jpg 1024w, https:\/\/missionnairesmontfortains.fr\/sitevaovao\/wp-content\/uploads\/2025\/01\/20250101_120631-768x576.jpg 768w, https:\/\/missionnairesmontfortains.fr\/sitevaovao\/wp-content\/uploads\/2025\/01\/20250101_120631-1536x1152.jpg 1536w, https:\/\/missionnairesmontfortains.fr\/sitevaovao\/wp-content\/uploads\/2025\/01\/20250101_120631-2048x1536.jpg 2048w\" sizes=\"(max-width: 2560px) 100vw, 2560px\" \/><\/h3><p>Lors de son voyage en France en septembre 1996, le Pape Jean-Paul II a d\u00fb \u00e9tonner de nombreuses personnes quand il a mis dans son itin\u00e9raire, Saint-Laurent-sur-S\u00e8vre, petite bourgade de Vend\u00e9e, beaucoup moins connue que Tours, Sainte-Anne d&rsquo;Auray et Reims. Il tenait beaucoup a faire un p\u00e8lerinage au tombeau de St Louis-Marie de Montfort, plac\u00e9 dans la Basilique de cette cit\u00e9. Pourquoi ? Il en a donn\u00e9 la raison : \u00a0\u00bb Je dois beaucoup \u00e0 St Louis-Marie de Montfort, car il constitue pour moi une figure de r\u00e9f\u00e9rence significative qui m&rsquo;a illumin\u00e9 dans les moments importants de ma vie&#8230; Je rends gr\u00e2ce \u00e0 Dieu pour le rayonnement grandissant de ce Saint Missionnaire&#8230; \u00ab\u00a0.<\/p>\t\t\t\t\t\t\t\t<\/div>\n\t\t\t\t<\/div>\n\t\t\t\t<\/div>\n\t\t<div class=\"elementor-element elementor-element-5cc469d e-con-full e-flex e-con e-child\" data-id=\"5cc469d\" data-element_type=\"container\" data-e-type=\"container\">\n\t\t\t\t<div class=\"elementor-element elementor-element-ebae91d elementor-widget elementor-widget-text-editor\" data-id=\"ebae91d\" data-element_type=\"widget\" data-e-type=\"widget\" data-widget_type=\"text-editor.default\">\n\t\t\t\t<div class=\"elementor-widget-container\">\n\t\t\t\t\t\t\t\t\t<h3>Mais qui est donc ce \u00a0\u00bb Saint Missionnaire ? \u00ab\u00a0<\/h3>\n<p>Il est n\u00e9 le 31 janvier 1673, \u00e0 Montfort-sur-Meu (\u00e0 25 Km \u00e0 l&rsquo;ouest de Rennes). Le lendemain, il \u00e9tait baptis\u00e9 sous le nom de Louis. Son p\u00e8re, Jean-Baptiste GRIGNION, \u00e9tait avocat ; sa m\u00e8re \u00e9tait fille d&rsquo;un magistrat de Rennes.Louis ajoutera plus tard \u00e0 son nom celui de Marie \u00e0 cause de son grand amour pour la Vierge. L&rsquo;additif \u00a0\u00bb de Montfort \u00a0\u00bb n&rsquo;est pas un titr<span style=\"font-style: inherit; font-weight: inherit; text-align: var(--text-align); background-color: var(--ast-global-color-4); color: var(--ast-global-color-3);\">e de noblesse ; c&rsquo;est tout simplement le nom du lieu de son bapt\u00eame. La d\u00e9nomination compl\u00e8te se traduit le plus souvent par: \u00ab\u00a0P\u00e8re de Montfort \u00ab\u00a0.<\/span><\/p>\n<p><img decoding=\"async\" class=\"aligncenter wp-image-26095 size-full\" src=\"https:\/\/missionnairesmontfortains.fr\/sitevaovao\/wp-content\/uploads\/2025\/01\/MONTFORT-Maison-Natale-Interieur-Bapteme-de-S.L.M.jpg\" alt=\"\" width=\"491\" height=\"656\" srcset=\"https:\/\/missionnairesmontfortains.fr\/sitevaovao\/wp-content\/uploads\/2025\/01\/MONTFORT-Maison-Natale-Interieur-Bapteme-de-S.L.M.jpg 491w, https:\/\/missionnairesmontfortains.fr\/sitevaovao\/wp-content\/uploads\/2025\/01\/MONTFORT-Maison-Natale-Interieur-Bapteme-de-S.L.M-225x300.jpg 225w\" sizes=\"(max-width: 491px) 100vw, 491px\" \/><\/p>\t\t\t\t\t\t\t\t<\/div>\n\t\t\t\t<\/div>\n\t\t\t\t<\/div>\n\t\t<div class=\"elementor-element elementor-element-c87522d e-con-full e-flex e-con e-child\" data-id=\"c87522d\" data-element_type=\"container\" data-e-type=\"container\">\n\t\t\t\t<div class=\"elementor-element elementor-element-c338246 elementor-widget elementor-widget-text-editor\" data-id=\"c338246\" data-element_type=\"widget\" data-e-type=\"widget\" data-widget_type=\"text-editor.default\">\n\t\t\t\t<div class=\"elementor-widget-container\">\n\t\t\t\t\t\t\t\t\t<h3>Enfance et jeunesse<\/h3><p>D\u00e8s les premi\u00e8res ann\u00e9es, il r\u00e9v\u00e8le de grandes qualit\u00e9s : intelligence vive, pi\u00e9t\u00e9 profonde, attrait tr\u00e8s marqu\u00e9 pour la Vierge Marie, facilit\u00e9 de partager ce qu&rsquo;il apprend au cat\u00e9chisme avec ses fr\u00e8res et soeurs, ses camarades, amour tr\u00e8s attentionn\u00e9 pour ses parents, sa m\u00e8re sp\u00e9cialement, car elle est discr\u00e8te, douce, courageuse pour \u00e9lever sa nombreuse famille.<\/p><p>A 12 ans, il est \u00e9tudiant au coll\u00e8ge des J\u00e9suites \u00e0 Rennes. Il se montre brillant \u00e9l\u00e8ve en philosophie, tr\u00e8s consciencieux dans son travail. Il aime prendre du temps pour aider ses fr\u00e8res et soeurs dans leurs \u00e9tudes.<\/p><p>Sa vie \u00e0 Rennes va l&rsquo;ouvrir \u00e0 un monde qu&rsquo;il ignorait : celui des pauvres. Guid\u00e9 par un pr\u00eatre, il visite les pauvres dans les h\u00f4pitaux. Suivant l&rsquo;exemple de sa m\u00e8re, il va secourir ceux qui n&rsquo;osent pas se montrer. Il d\u00e9couvre dans le coll\u00e8ge m\u00eame, des exclus, des marginaux : il s&rsquo;ing\u00e9nie pour les secourir.<\/p><p>Un fait, entre autres : un coll\u00e9gien porte un habit rapi\u00e9c\u00e9 ; on se moque de lui. Louis-Marie s&rsquo;indigne. Il fait une collecte aupr\u00e8s de ses camarades. Avec le peu d&rsquo;argent recueilli, il am\u00e8ne le jeune chez le drapier et dit a celui-ci : \u00a0\u00bb Monsieur, voici mon fr\u00e8re et le v\u00f4tre. J&rsquo;ai qu\u00eat\u00e9 dans la classe pour le v\u00eatir convenablement. Si cette somme ne vous suffit pas, \u00e0 vous d&rsquo;ajouter le reste! \u00a0\u00bb et le marchand s&rsquo;ex\u00e9cute.<\/p><p>Conseill\u00e9 par ses \u00e9ducateurs, il s&rsquo;engage dans la \u00a0\u00bb Congr\u00e9gation de la Sainte Vierge \u00ab\u00a0. C&rsquo;est une joie pour lui car il peut \u00e9clairer sa foi et sa d\u00e9votion envers Marie. C&rsquo;est sans doute \u00e0 ce moment qu&rsquo;il consacre toute sa personne a J\u00e9sus par Marie. Il s&rsquo;engage dans ce chemin spirituel qu&rsquo;il exp\u00e9rimentera et enseignera plus tard, avec toute sa foi et sa vigueur d&rsquo;ap\u00f4tre.<\/p><p>Dans ces temps de pri\u00e8re, de r\u00e9flexion, une pens\u00e9e s&rsquo;impose \u00e0 lui : donner toute sa vie a Dieu et au prochain, en \u00e9tant pr\u00eatre. Il a confi\u00e9 cet appel int\u00e9rieur \u00e0 ses parents qui en sont tr\u00e8s heureux.<\/p><p style=\"text-align: left;\">En septembre 1693, il quitte son pays natal et se dirige, \u00e0 pied, vers le S\u00e9minaire Saint-Sulpice de Paris.<\/p>\t\t\t\t\t\t\t\t<\/div>\n\t\t\t\t<\/div>\n\t\t\t\t<\/div>\n\t\t<div class=\"elementor-element elementor-element-bf80b45 e-con-full e-flex e-con e-child\" data-id=\"bf80b45\" data-element_type=\"container\" data-e-type=\"container\">\n\t\t\t\t<div class=\"elementor-element elementor-element-4c99432 elementor-widget elementor-widget-text-editor\" data-id=\"4c99432\" data-element_type=\"widget\" data-e-type=\"widget\" data-widget_type=\"text-editor.default\">\n\t\t\t\t<div class=\"elementor-widget-container\">\n\t\t\t\t\t\t\t\t\t<h3><img decoding=\"async\" class=\"alignleft wp-image-26088 size-full\" src=\"https:\/\/missionnairesmontfortains.fr\/sitevaovao\/wp-content\/uploads\/2025\/01\/MONTFORT-Maison-Natale-Statue-du-P.-de-Montfort-cours-interieur.jpg\" alt=\"\" width=\"325\" height=\"673\" srcset=\"https:\/\/missionnairesmontfortains.fr\/sitevaovao\/wp-content\/uploads\/2025\/01\/MONTFORT-Maison-Natale-Statue-du-P.-de-Montfort-cours-interieur.jpg 325w, https:\/\/missionnairesmontfortains.fr\/sitevaovao\/wp-content\/uploads\/2025\/01\/MONTFORT-Maison-Natale-Statue-du-P.-de-Montfort-cours-interieur-145x300.jpg 145w\" sizes=\"(max-width: 325px) 100vw, 325px\" \/>Le Missionnaire apostolique<\/h3><p>Pendant dix ans, le P\u00e8re de Montfort va pr\u00eacher 200 missions et retraites dans l&rsquo;Ouest de la France : la Bretagne, les Pays de la Loire, la Vend\u00e9e, l&rsquo;Aunis, la Charente.<\/p><p>Dans toute sa vie missionnaire, il vit intens\u00e9ment uni \u00e0 J\u00e9sus et \u00e0 Marie, aussi ses missions ont-elles un grand succ\u00e8s. Il a la parole facile, l&rsquo;art d&rsquo;\u00eatre concret dans sa pr\u00e9dication, de s&rsquo;adapter aux gens et, surtout, il a re\u00e7u le don de toucher les coeurs. En cl\u00f4ture de ses missions, il fait \u00e9riger un grand calvaire pour rappeler longtemps l&rsquo;amour du Seigneur.<\/p><p>Le plus c\u00e9l\u00e8bre est celui de Pontch\u00e2teau en Loire-Atlantique qui est, aujourd&rsquo;hui encore, un lieu de p\u00e8lerinage tr\u00e8s fr\u00e9quent\u00e9.<\/p><p>Les longues marches, la nourriture souvent d\u00e9ficiente, les douleurs physiques et morales, le peu de repos qu&rsquo;il prend&#8230; ont raison de sa sant\u00e9, pourtant robuste. Pendant sa derni\u00e8re mission \u00e0 Saint-Laurent-sur-S\u00e8vre, une pleur\u00e9sie le terrasse. Il meurt le 28 avril 1716, \u00e2g\u00e9 de 43 ans. Vie courte, mais combien remplie !<\/p><p>Son tombeau est l&rsquo;objet d&rsquo;une constante et grandissante v\u00e9n\u00e9ration. De la mort a jailli la vie ! Trois familles ont leur berceau pr\u00e8s de son tombeau : les P\u00e8res et Fr\u00e8res de la Compagnie de Marie, les Filles de la Sagesse et les Fr\u00e8res de St Gabriel.<img loading=\"lazy\" decoding=\"async\" class=\"alignnone wp-image-26225 size-full\" src=\"https:\/\/missionnairesmontfortains.fr\/sitevaovao\/wp-content\/uploads\/2025\/02\/20250123_202027-scaled.jpg\" alt=\"\" width=\"2560\" height=\"1920\" srcset=\"https:\/\/missionnairesmontfortains.fr\/sitevaovao\/wp-content\/uploads\/2025\/02\/20250123_202027-scaled.jpg 2560w, https:\/\/missionnairesmontfortains.fr\/sitevaovao\/wp-content\/uploads\/2025\/02\/20250123_202027-300x225.jpg 300w, https:\/\/missionnairesmontfortains.fr\/sitevaovao\/wp-content\/uploads\/2025\/02\/20250123_202027-1024x768.jpg 1024w, https:\/\/missionnairesmontfortains.fr\/sitevaovao\/wp-content\/uploads\/2025\/02\/20250123_202027-768x576.jpg 768w, https:\/\/missionnairesmontfortains.fr\/sitevaovao\/wp-content\/uploads\/2025\/02\/20250123_202027-1536x1152.jpg 1536w, https:\/\/missionnairesmontfortains.fr\/sitevaovao\/wp-content\/uploads\/2025\/02\/20250123_202027-2048x1536.jpg 2048w\" sizes=\"(max-width: 2560px) 100vw, 2560px\" \/><\/p>\t\t\t\t\t\t\t\t<\/div>\n\t\t\t\t<\/div>\n\t\t\t\t<\/div>\n\t\t\t\t\t<\/div>\n\t\t\t\t<\/div>\n\t\t\t\t<\/div>\n\t\t","protected":false},"excerpt":{"rendered":"<p>SAINT LOUIS-MARIE GRIGNION DE MONTFORT MAITRE ET GUIDE SPIRITUEL POUR L&rsquo;\u00c9GLISE D&rsquo; AUJOURD&rsquo;HUI Lors de son voyage en France en septembre 1996, le Pape Jean-Paul II a d\u00fb \u00e9tonner de nombreuses personnes quand il a mis dans son itin\u00e9raire, Saint-Laurent-sur-S\u00e8vre, petite bourgade de Vend\u00e9e, beaucoup moins connue que Tours, Sainte-Anne d&rsquo;Auray et Reims. Il tenait [&hellip;]<\/p>\n","protected":false},"author":1,"featured_media":0,"parent":0,"menu_order":0,"comment_status":"closed","ping_status":"closed","template":"","meta":{"content-type":"","_uag_custom_page_level_css":"","site-sidebar-layout":"default","site-content-layout":"","ast-site-content-layout":"default","site-content-style":"default","site-sidebar-style":"default","ast-global-header-display":"","ast-banner-title-visibility":"","ast-main-header-display":"","ast-hfb-above-header-display":"","ast-hfb-below-header-display":"","ast-hfb-mobile-header-display":"","site-post-title":"","ast-breadcrumbs-content":"","ast-featured-img":"","footer-sml-layout":"","theme-transparent-header-meta":"","adv-header-id-meta":"","stick-header-meta":"","header-above-stick-meta":"","header-main-stick-meta":"","header-below-stick-meta":"","astra-migrate-meta-layouts":"default","ast-page-background-enabled":"default","ast-page-background-meta":{"desktop":{"background-color":"","background-image":"","background-repeat":"repeat","background-position":"center center","background-size":"auto","background-attachment":"scroll","background-type":"","background-media":"","overlay-type":"","overlay-color":"","overlay-opacity":"","overlay-gradient":""},"tablet":{"background-color":"","background-image":"","background-repeat":"repeat","background-position":"center center","background-size":"auto","background-attachment":"scroll","background-type":"","background-media":"","overlay-type":"","overlay-color":"","overlay-opacity":"","overlay-gradient":""},"mobile":{"background-color":"","background-image":"","background-repeat":"repeat","background-position":"center center","background-size":"auto","background-attachment":"scroll","background-type":"","background-media":"","overlay-type":"","overlay-color":"","overlay-opacity":"","overlay-gradient":""}},"ast-content-background-meta":{"desktop":{"background-color":"var(--ast-global-color-5)","background-image":"","background-repeat":"repeat","background-position":"center center","background-size":"auto","background-attachment":"scroll","background-type":"","background-media":"","overlay-type":"","overlay-color":"","overlay-opacity":"","overlay-gradient":""},"tablet":{"background-color":"var(--ast-global-color-5)","background-image":"","background-repeat":"repeat","background-position":"center center","background-size":"auto","background-attachment":"scroll","background-type":"","background-media":"","overlay-type":"","overlay-color":"","overlay-opacity":"","overlay-gradient":""},"mobile":{"background-color":"var(--ast-global-color-5)","background-image":"","background-repeat":"repeat","background-position":"center center","background-size":"auto","background-attachment":"scroll","background-type":"","background-media":"","overlay-type":"","overlay-color":"","overlay-opacity":"","overlay-gradient":""}},"footnotes":""},"class_list":["post-26000","page","type-page","status-publish","hentry"],"uagb_featured_image_src":{"full":false,"thumbnail":false,"medium":false,"medium_large":false,"large":false,"1536x1536":false,"2048x2048":false},"uagb_author_info":{"display_name":"olivier","author_link":""},"uagb_comment_info":0,"uagb_excerpt":"SAINT LOUIS-MARIE GRIGNION DE MONTFORT MAITRE ET GUIDE SPIRITUEL POUR L&rsquo;\u00c9GLISE D&rsquo; AUJOURD&rsquo;HUI Lors de son voyage en France en septembre 1996, le Pape Jean-Paul II a d\u00fb \u00e9tonner de nombreuses personnes quand il a mis dans son itin\u00e9raire, Saint-Laurent-sur-S\u00e8vre, petite bourgade de Vend\u00e9e, beaucoup moins connue que Tours, Sainte-Anne d&rsquo;Auray et Reims. Il tenait\u2026","_links":{"self":[{"href":"https:\/\/missionnairesmontfortains.fr\/sitevaovao\/wp-json\/wp\/v2\/pages\/26000","targetHints":{"allow":["GET"]}}],"collection":[{"href":"https:\/\/missionnairesmontfortains.fr\/sitevaovao\/wp-json\/wp\/v2\/pages"}],"about":[{"href":"https:\/\/missionnairesmontfortains.fr\/sitevaovao\/wp-json\/wp\/v2\/types\/page"}],"author":[{"embeddable":true,"href":"https:\/\/missionnairesmontfortains.fr\/sitevaovao\/wp-json\/wp\/v2\/users\/1"}],"replies":[{"embeddable":true,"href":"https:\/\/missionnairesmontfortains.fr\/sitevaovao\/wp-json\/wp\/v2\/comments?post=26000"}],"version-history":[{"count":9,"href":"https:\/\/missionnairesmontfortains.fr\/sitevaovao\/wp-json\/wp\/v2\/pages\/26000\/revisions"}],"predecessor-version":[{"id":28252,"href":"https:\/\/missionnairesmontfortains.fr\/sitevaovao\/wp-json\/wp\/v2\/pages\/26000\/revisions\/28252"}],"wp:attachment":[{"href":"https:\/\/missionnairesmontfortains.fr\/sitevaovao\/wp-json\/wp\/v2\/media?parent=26000"}],"curies":[{"name":"wp","href":"https:\/\/api.w.org\/{rel}","templated":true}]}}