{"id":25848,"date":"2025-01-22T15:16:28","date_gmt":"2025-01-22T15:16:28","guid":{"rendered":"https:\/\/missionnairesmontfortains.fr\/sitevaovao\/?page_id=25848"},"modified":"2025-10-28T01:45:53","modified_gmt":"2025-10-28T01:45:53","slug":"spiritualite-montfortaine","status":"publish","type":"page","link":"https:\/\/missionnairesmontfortains.fr\/sitevaovao\/spiritualite-montfortaine\/","title":{"rendered":"Spiritualit\u00e9 montfortaine"},"content":{"rendered":"\t\t<div data-elementor-type=\"wp-page\" data-elementor-id=\"25848\" class=\"elementor elementor-25848\">\n\t\t\t\t\t\t<section class=\"elementor-section elementor-top-section elementor-element elementor-element-5826b613 elementor-section-height-full htmega_mobile_fit elementor-section-boxed elementor-section-height-default elementor-section-items-middle\" data-id=\"5826b613\" data-element_type=\"section\" data-e-type=\"section\" data-settings=\"{&quot;background_background&quot;:&quot;classic&quot;}\">\n\t\t\t\t\t\t<div class=\"elementor-container elementor-column-gap-default\">\n\t\t\t\t\t<div class=\"elementor-column elementor-col-100 elementor-top-column elementor-element elementor-element-71d94f00\" data-id=\"71d94f00\" data-element_type=\"column\" data-e-type=\"column\">\n\t\t\t<div class=\"elementor-widget-wrap elementor-element-populated\">\n\t\t\t\t\t\t<div class=\"elementor-element elementor-element-1ddba7cb elementor-invisible elementor-widget elementor-widget-heading\" data-id=\"1ddba7cb\" data-element_type=\"widget\" data-e-type=\"widget\" data-settings=\"{&quot;_animation&quot;:&quot;fadeInUp&quot;,&quot;_animation_delay&quot;:100}\" data-widget_type=\"heading.default\">\n\t\t\t\t<div class=\"elementor-widget-container\">\n\t\t\t\t\t<h1 class=\"elementor-heading-title elementor-size-default\">La spiritualit\u00e9 montfortaine<\/h1>\t\t\t\t<\/div>\n\t\t\t\t<\/div>\n\t\t\t\t\t<\/div>\n\t\t<\/div>\n\t\t\t\t\t<\/div>\n\t\t<\/section>\n\t\t<div class=\"elementor-element elementor-element-37edd75 e-flex e-con-boxed e-con e-parent\" data-id=\"37edd75\" data-element_type=\"container\" data-e-type=\"container\">\n\t\t\t\t\t<div class=\"e-con-inner\">\n\t\t<div class=\"elementor-element elementor-element-4e09ab9 e-con-full e-flex e-con e-child\" data-id=\"4e09ab9\" data-element_type=\"container\" data-e-type=\"container\">\n\t\t\t\t<div class=\"elementor-element elementor-element-518aef7 e-transform elementor-widget elementor-widget-text-editor\" data-id=\"518aef7\" data-element_type=\"widget\" data-e-type=\"widget\" data-settings=\"{&quot;_transform_translateX_effect&quot;:{&quot;unit&quot;:&quot;px&quot;,&quot;size&quot;:&quot;&quot;,&quot;sizes&quot;:[]},&quot;_transform_translateX_effect_tablet&quot;:{&quot;unit&quot;:&quot;px&quot;,&quot;size&quot;:&quot;&quot;,&quot;sizes&quot;:[]},&quot;_transform_translateX_effect_mobile&quot;:{&quot;unit&quot;:&quot;px&quot;,&quot;size&quot;:&quot;&quot;,&quot;sizes&quot;:[]},&quot;_transform_translateY_effect&quot;:{&quot;unit&quot;:&quot;px&quot;,&quot;size&quot;:&quot;&quot;,&quot;sizes&quot;:[]},&quot;_transform_translateY_effect_tablet&quot;:{&quot;unit&quot;:&quot;px&quot;,&quot;size&quot;:&quot;&quot;,&quot;sizes&quot;:[]},&quot;_transform_translateY_effect_mobile&quot;:{&quot;unit&quot;:&quot;px&quot;,&quot;size&quot;:&quot;&quot;,&quot;sizes&quot;:[]}}\" data-widget_type=\"text-editor.default\">\n\t\t\t\t<div class=\"elementor-widget-container\">\n\t\t\t\t\t\t\t\t\t<p style=\"text-align: left;\">Pr\u00e8s de trois cents ans apr\u00e8s sa mort, le 28 avril 1716, saint Louis-Marie Grignion de Montfort continue de fasciner et d\u2019attirer des chr\u00e9tiens du monde entier. Ce pr\u00eatre breton, missionnaire apostolique au temp\u00e9rament de feu, a l\u00e9gu\u00e9 une spiritualit\u00e9 profonde, ancr\u00e9e dans l\u2019\u00c9criture sainte et la tradition th\u00e9ologique de l\u2019\u00c9glise catholique. Son message, centr\u00e9 sur la qu\u00eate de la Sagesse \u00e9ternelle \u2013 J\u00e9sus-Christ \u2013 et la cons\u00e9cration \u00e0 la Vierge Marie, propose un chemin de conversion baptismale qui transforme les c\u0153urs et engage \u00e0 servir les plus d\u00e9munis. Aujourd\u2019hui, en ce 12 mars 2025, son influence perdure, touchant des \u00e2mes sur les cinq continents, des simples fid\u00e8les au pape Jean-Paul II, qui a puis\u00e9 dans ses \u00e9crits une inspiration majeure pour sa propre d\u00e9votion mariale.<\/p><p style=\"text-align: left;\">Mais qu\u2019est-ce qui rend la spiritualit\u00e9 montfortaine si pertinente, m\u00eame dans notre monde moderne, si diff\u00e9rent de celui du XVIIe si\u00e8cle ? Cette page vous plonge dans l\u2019univers de Montfort, explorant ses racines, ses piliers fondamentaux et son actualit\u00e9, pour vous inviter \u00e0 d\u00e9couvrir un tr\u00e9sor spirituel vivant.<\/p>\t\t\t\t\t\t\t\t<\/div>\n\t\t\t\t<\/div>\n\t\t\t\t<\/div>\n\t\t<div class=\"elementor-element elementor-element-f13dbd1 e-con-full e-flex e-con e-child\" data-id=\"f13dbd1\" data-element_type=\"container\" data-e-type=\"container\">\n\t\t\t\t<div class=\"elementor-element elementor-element-1b9cd3b elementor-widget elementor-widget-text-editor\" data-id=\"1b9cd3b\" data-element_type=\"widget\" data-e-type=\"widget\" data-widget_type=\"text-editor.default\">\n\t\t\t\t<div class=\"elementor-widget-container\">\n\t\t\t\t\t\t\t\t\t<h4><span style=\"color: #117eae;\"><strong>Qui \u00e9tait Saint Louis-Marie de Montfort ?<\/strong><\/span><\/h4><p>N\u00e9 le 31 janvier 1673 \u00e0 Montfort-sur-Meu, en Bretagne, Louis-Marie Grignion de Montfort grandit dans une famille modeste mais pieuse. Ordonn\u00e9 pr\u00eatre en 1700, il choisit de consacrer sa vie aux pauvres, parcourant les routes de France pour pr\u00eacher dans les campagnes et les villages. Surnomm\u00e9 le \u00ab bon p\u00e8re de Montfort \u00bb ou le \u00ab vagabond de la Vierge \u00bb, il se distinguait par sa simplicit\u00e9, son z\u00e8le apostolique et son amour pour la croix, qu\u2019il portait souvent en procession.<\/p><p>Form\u00e9 dans le contexte de l\u2019\u00c9cole fran\u00e7aise de spiritualit\u00e9 \u2013 un mouvement du XVIIe si\u00e8cle marqu\u00e9 par des figures comme Pierre de B\u00e9rulle et Jean-Jacques Olier \u2013, Montfort d\u00e9veloppa une vision th\u00e9ologique originale. Il voyait en J\u00e9sus-Christ la Sagesse incarn\u00e9e et en Marie la voie privil\u00e9gi\u00e9e pour s\u2019unir \u00e0 Lui. Ses \u00e9crits, comme le <em>Trait\u00e9 de la vraie d\u00e9votion \u00e0 Marie<\/em>, <em>L\u2019Amour de la Sagesse \u00e9ternelle<\/em> ou ses <em>Cantiques<\/em>, traduisent cette intuition avec une plume \u00e0 la fois ardente et pr\u00e9cise. Il fonda \u00e9galement des congr\u00e9gations pour p\u00e9renniser sa mission : les Missionnaires de la Compagnie de Marie (les Montfortains), les Filles de la Sagesse (avec Marie-Louise Trichet), et indirectement les Fr\u00e8res de Saint-Gabriel.<\/p><p>Canonis\u00e9 en 1947 par Pie XII, Montfort est reconnu comme un \u00ab t\u00e9moin et ma\u00eetre \u00bb de la spiritualit\u00e9 mariale, notamment par Jean-Paul II, qui cita son <em>Trait\u00e9<\/em> dans l\u2019encyclique <em>Redemptoris Mater<\/em> (1987). Mais au-del\u00e0 des honneurs, c\u2019est sa capacit\u00e9 \u00e0 toucher les c\u0153urs qui fait de lui une figure universelle.<\/p>\t\t\t\t\t\t\t\t<\/div>\n\t\t\t\t<\/div>\n\t\t\t\t<\/div>\n\t\t\t\t\t<\/div>\n\t\t\t\t<\/div>\n\t\t<div class=\"elementor-element elementor-element-09ec5a3 e-flex e-con-boxed e-con e-parent\" data-id=\"09ec5a3\" data-element_type=\"container\" data-e-type=\"container\">\n\t\t\t\t\t<div class=\"e-con-inner\">\n\t\t<div class=\"elementor-element elementor-element-5dc34d5 e-con-full e-flex e-con e-child\" data-id=\"5dc34d5\" data-element_type=\"container\" data-e-type=\"container\">\n\t\t\t\t<div class=\"elementor-element elementor-element-0359f97 e-transform elementor-widget elementor-widget-text-editor\" data-id=\"0359f97\" data-element_type=\"widget\" data-e-type=\"widget\" data-settings=\"{&quot;_transform_translateX_effect&quot;:{&quot;unit&quot;:&quot;px&quot;,&quot;size&quot;:&quot;&quot;,&quot;sizes&quot;:[]},&quot;_transform_translateX_effect_tablet&quot;:{&quot;unit&quot;:&quot;px&quot;,&quot;size&quot;:&quot;&quot;,&quot;sizes&quot;:[]},&quot;_transform_translateX_effect_mobile&quot;:{&quot;unit&quot;:&quot;px&quot;,&quot;size&quot;:&quot;&quot;,&quot;sizes&quot;:[]},&quot;_transform_translateY_effect&quot;:{&quot;unit&quot;:&quot;px&quot;,&quot;size&quot;:&quot;&quot;,&quot;sizes&quot;:[]},&quot;_transform_translateY_effect_tablet&quot;:{&quot;unit&quot;:&quot;px&quot;,&quot;size&quot;:&quot;&quot;,&quot;sizes&quot;:[]},&quot;_transform_translateY_effect_mobile&quot;:{&quot;unit&quot;:&quot;px&quot;,&quot;size&quot;:&quot;&quot;,&quot;sizes&quot;:[]}}\" data-widget_type=\"text-editor.default\">\n\t\t\t\t<div class=\"elementor-widget-container\">\n\t\t\t\t\t\t\t\t\t<h3><span style=\"color: #117eae;\"><strong>Les Fondements de la Spiritualit\u00e9 Montfortaine<\/strong><\/span><\/h3><p><img fetchpriority=\"high\" decoding=\"async\" class=\"aligncenter wp-image-25922 size-large\" src=\"https:\/\/missionnairesmontfortains.fr\/sitevaovao\/wp-content\/uploads\/2025\/01\/Image_00151-724x1024.jpg\" alt=\"\" width=\"724\" height=\"1024\" srcset=\"https:\/\/missionnairesmontfortains.fr\/sitevaovao\/wp-content\/uploads\/2025\/01\/Image_00151-724x1024.jpg 724w, https:\/\/missionnairesmontfortains.fr\/sitevaovao\/wp-content\/uploads\/2025\/01\/Image_00151-212x300.jpg 212w, https:\/\/missionnairesmontfortains.fr\/sitevaovao\/wp-content\/uploads\/2025\/01\/Image_00151-768x1087.jpg 768w, https:\/\/missionnairesmontfortains.fr\/sitevaovao\/wp-content\/uploads\/2025\/01\/Image_00151-1086x1536.jpg 1086w, https:\/\/missionnairesmontfortains.fr\/sitevaovao\/wp-content\/uploads\/2025\/01\/Image_00151.jpg 1352w\" sizes=\"(max-width: 724px) 100vw, 724px\" \/>La spiritualit\u00e9 montfortaine n\u2019est pas une simple d\u00e9votion : c\u2019est une mani\u00e8re de vivre pleinement sa foi chr\u00e9tienne. Elle s\u2019articule autour de six dimensions cl\u00e9s, d\u00e9taill\u00e9es ci-dessous, qui forment un tout coh\u00e9rent et dynamique :<\/p>\t\t\t\t\t\t\t\t<\/div>\n\t\t\t\t<\/div>\n\t\t\t\t<\/div>\n\t\t<div class=\"elementor-element elementor-element-5b69361 e-con-full e-flex e-con e-child\" data-id=\"5b69361\" data-element_type=\"container\" data-e-type=\"container\">\n\t\t\t\t<div class=\"elementor-element elementor-element-22a12594 elementor-widget elementor-widget-link-in-bio\" data-id=\"22a12594\" data-element_type=\"widget\" data-e-type=\"widget\" data-widget_type=\"link-in-bio.default\">\n\t\t\t\t<div class=\"elementor-widget-container\">\n\t\t\t\t\t\t\t<div class=\"e-link-in-bio e-link-in-bio\">\n\t\t\t<div class=\"e-link-in-bio__content\">\n\n\t\t\t\t\t\t<div class=\"e-link-in-bio__identity\">\n\t\t\t\t\t\t\t\t\t<div class=\"e-link-in-bio__identity-image e-link-in-bio__identity-image-profile has-style-circle\">\n\t\t\t\t\t\t\t<img decoding=\"async\" width=\"204\" height=\"300\" src=\"https:\/\/missionnairesmontfortains.fr\/sitevaovao\/wp-content\/uploads\/2025\/03\/1000027263-204x300.jpg\" class=\"e-link-in-bio__identity-image-element\" alt=\"\" srcset=\"https:\/\/missionnairesmontfortains.fr\/sitevaovao\/wp-content\/uploads\/2025\/03\/1000027263-204x300.jpg 204w, https:\/\/missionnairesmontfortains.fr\/sitevaovao\/wp-content\/uploads\/2025\/03\/1000027263.jpg 545w\" sizes=\"(max-width: 204px) 100vw, 204px\" \/>\t\t\t\t\t\t\t\t\t\t\t\t\t<\/div>\n\t\t\t\t\t\t\t<\/div>\n\t\t\t\t\t<div class=\"e-link-in-bio__bio\">\n\t\t\t\t<h2 class=\"e-link-in-bio__heading\">Se former<\/h2>\t\t\t\t<h3 class=\"e-link-in-bio__title\">\u00e0 la spiritualit\u00e9 montfortaine<\/h3>\t\t\t\t\t\t\t\t<p class=\"e-link-in-bio__description\">Tous les mois, une formation via zoom est propos\u00e9e par l&#039;Association Marie Reine des c\u0153urs<\/p>\t\t\t<\/div>\n\t\t\t\t\t<div class=\"e-link-in-bio__icons has-size-medium\">\n\t\t\t\t\t\t\t<div class=\"e-link-in-bio__icon is-size-medium\">\n\t\t\t\t\t<a href=\"https:\/\/youtube.com\/live\/THq1ihIBGwU\" target=\"_blank\" rel=\"noopener \" aria-label=\"YouTube\" class=\"e-link-in-bio__icon-link\">\n\t\t\t\t\t\t<span class=\"e-link-in-bio__icon-svg\">\n\t\t\t\t\t\t\t<svg aria-hidden=\"true\" class=\"e-font-icon-svg e-fab-youtube\" viewBox=\"0 0 576 512\" xmlns=\"http:\/\/www.w3.org\/2000\/svg\"><path d=\"M549.655 124.083c-6.281-23.65-24.787-42.276-48.284-48.597C458.781 64 288 64 288 64S117.22 64 74.629 75.486c-23.497 6.322-42.003 24.947-48.284 48.597-11.412 42.867-11.412 132.305-11.412 132.305s0 89.438 11.412 132.305c6.281 23.65 24.787 41.5 48.284 47.821C117.22 448 288 448 288 448s170.78 0 213.371-11.486c23.497-6.321 42.003-24.171 48.284-47.821 11.412-42.867 11.412-132.305 11.412-132.305s0-89.438-11.412-132.305zm-317.51 213.508V175.185l142.739 81.205-142.739 81.201z\"><\/path><\/svg>\t\t\t\t\t\t<\/span>\n\t\t\t\t\t\t\t\t\t\t\t<\/a>\n\t\t\t\t<\/div>\n\t\t\t\t\t\t\t<div class=\"e-link-in-bio__icon is-size-medium\">\n\t\t\t\t\t<a href=\"https:\/\/www.facebook.com\/events\/627719333624653\" target=\"_blank\" rel=\"noopener \" aria-label=\"Facebook\" class=\"e-link-in-bio__icon-link\">\n\t\t\t\t\t\t<span class=\"e-link-in-bio__icon-svg\">\n\t\t\t\t\t\t\t<svg aria-hidden=\"true\" class=\"e-font-icon-svg e-fab-facebook\" viewBox=\"0 0 512 512\" xmlns=\"http:\/\/www.w3.org\/2000\/svg\"><path d=\"M504 256C504 119 393 8 256 8S8 119 8 256c0 123.78 90.69 226.38 209.25 245V327.69h-63V256h63v-54.64c0-62.15 37-96.48 93.67-96.48 27.14 0 55.52 4.84 55.52 4.84v61h-31.28c-30.8 0-40.41 19.12-40.41 38.73V256h68.78l-11 71.69h-57.78V501C413.31 482.38 504 379.78 504 256z\"><\/path><\/svg>\t\t\t\t\t\t<\/span>\n\t\t\t\t\t\t\t\t\t\t\t<\/a>\n\t\t\t\t<\/div>\n\t\t\t\t\t<\/div>\n\t\t\n\t\t<div class=\"e-link-in-bio__ctas has-type-button\">\n\t\t\t\t\t\t\t<a href=\"https:\/\/us02web.zoom.us\/j\/89456156887\" target=\"_blank\" rel=\"noopener \" class=\"e-link-in-bio__cta is-type-button has-border has-corners-round\">\n\t\t\t\t\t\t\t\t\t\t<span class=\"e-link-in-bio__cta-text\">\n\t\t\t\t\t\trecevoir le lien\t\t\t\t\t<\/span>\n\t\t\t\t<\/a>\n\t\t\t\t\t<\/div>\n\t\t\n\t\t\t<\/div>\n\t\t\t<div class=\"e-link-in-bio__bg\">\n\t\t\t\t<div class=\"e-link-in-bio__bg-overlay\"><\/div>\n\t\t\t<\/div>\n\t\t<\/div>\n\t\t\t\t\t\t<\/div>\n\t\t\t\t<\/div>\n\t\t\t\t<\/div>\n\t\t\t\t\t<\/div>\n\t\t\t\t<\/div>\n\t\t<div class=\"elementor-element elementor-element-739a9b5 e-flex e-con-boxed e-con e-parent\" data-id=\"739a9b5\" data-element_type=\"container\" data-e-type=\"container\">\n\t\t\t\t\t<div class=\"e-con-inner\">\n\t\t<div class=\"elementor-element elementor-element-fc76451 e-con-full e-flex e-con e-child\" data-id=\"fc76451\" data-element_type=\"container\" data-e-type=\"container\">\n\t\t\t\t<div class=\"elementor-element elementor-element-bf7189f elementor-widget elementor-widget-text-editor\" data-id=\"bf7189f\" data-element_type=\"widget\" data-e-type=\"widget\" data-widget_type=\"text-editor.default\">\n\t\t\t\t<div class=\"elementor-widget-container\">\n\t\t\t\t\t\t\t\t\t<ol><li><span style=\"color: #003366;\"><strong> Dimension Trinitaire : Une Vie pour \u00ab Dieu Seul \u00bb<\/strong><\/span><\/li><\/ol><p><span style=\"color: #003366;\">Montfort place la Sainte Trinit\u00e9 au c\u0153ur de sa spiritualit\u00e9. Le P\u00e8re, cr\u00e9ateur et providence, est ador\u00e9 sous la devise \u00ab Dieu seul \u00bb, qui r\u00e9sume l\u2019appel \u00e0 une vie d\u00e9tach\u00e9e des vanit\u00e9s humaines. Le Fils, J\u00e9sus-Christ, est la Sagesse \u00e9ternelle, r\u00e9v\u00e9l\u00e9 dans son incarnation, sa croix et son Eucharistie. L\u2019Esprit Saint, enfin, guide les \u00e2mes et suscite les charismes. Pour Montfort, tout commence et s\u2019ach\u00e8ve dans ce myst\u00e8re trinitaire, source de salut et de saintet\u00e9.<\/span><\/p><ol start=\"2\"><li><span style=\"color: #333399;\"><strong> Dimension Mariale : Marie, M\u00e8re et M\u00e9diatrice<\/strong><\/span><\/li><\/ol><p><span style=\"color: #003366;\"><span style=\"color: #333399;\">La Vierge Marie occup<\/span>e une place centrale dans la pens\u00e9e de Montfort. Il la voit comme choisie par Dieu pour donner J\u00e9sus au monde et pour former les chr\u00e9tiens \u00e0 sa ressemblance. Sa c\u00e9l\u00e8bre cons\u00e9cration totale \u2013 ou \u00ab esclavage d\u2019amour \u00bb \u2013 consiste \u00e0 se donner \u00e0 Marie pour appartenir enti\u00e8rement \u00e0 son Fils. Cette d\u00e9votion s\u2019exprime par des pratiques comme le Rosaire, qu\u2019il enrichit de m\u00e9ditations, ou le Magnificat, chant de louange \u00e0 Dieu pour les merveilles accomplies en Marie.<\/span><\/p><ol start=\"3\"><li><span style=\"color: #333333;\"><strong> Dimension Eccl\u00e9siale : Une Foi V\u00e9cue en Communaut\u00e9<\/strong><\/span><\/li><\/ol><p><span style=\"color: #003366;\">Montfort ancre sa spiritualit\u00e9 dans l\u2019\u00c9glise, corps mystique du Christ. Les sacrements \u2013 bapt\u00eame, p\u00e9nitence, Eucharistie \u2013 sont essentiels pour grandir dans la gr\u00e2ce. Il insiste sur le r\u00f4le des pasteurs (pape, \u00e9v\u00eaques, pr\u00eatres) et c\u00e9l\u00e8bre la communion avec les saints et les anges, tout en mettant en garde contre les pi\u00e8ges des d\u00e9mons. Pour lui, le salut est communautaire, jamais individualiste.<\/span><\/p>\t\t\t\t\t\t\t\t<\/div>\n\t\t\t\t<\/div>\n\t\t\t\t<\/div>\n\t\t<div class=\"elementor-element elementor-element-ef255cc e-con-full e-flex e-con e-child\" data-id=\"ef255cc\" data-element_type=\"container\" data-e-type=\"container\">\n\t\t\t\t<div class=\"elementor-element elementor-element-4420805 elementor-widget elementor-widget-text-editor\" data-id=\"4420805\" data-element_type=\"widget\" data-e-type=\"widget\" data-widget_type=\"text-editor.default\">\n\t\t\t\t<div class=\"elementor-widget-container\">\n\t\t\t\t\t\t\t\t\t<ol start=\"4\"><li><strong> Dimension Anthropologique : L\u2019Homme Appel\u00e9 \u00e0 la Saintet\u00e9<\/strong><\/li><\/ol><p>Montfort reconna\u00eet la grandeur et la fragilit\u00e9 humaines. Hommes et femmes, partenaires dans le plan divin, sont invit\u00e9s \u00e0 un chemin spirituel progressif : abandonner le p\u00e9ch\u00e9 gr\u00e2ce au bapt\u00eame, m\u00fbrir dans les vertus (foi, esp\u00e9rance, amour, pauvret\u00e9, douceur), et s\u2019unir mystiquement \u00e0 Dieu. La pri\u00e8re \u2013 notamment les Psaumes \u2013, le silence et les retraites sont des piliers de cette croissance, jusqu\u2019\u00e0 vivre l\u2019esprit des B\u00e9atitudes.<\/p><ol start=\"5\"><li><strong> Dimension Missionnaire : Annoncer le Christ au Monde<\/strong><\/li><\/ol><p>Missionnaire dans l\u2019\u00e2me, Montfort appelle chaque chr\u00e9tien \u00e0 devenir un \u00ab ap\u00f4tre \u00bb au service du salut. Il pr\u00eachait avec audace, organisait des missions populaires et servait les pauvres, voyant en eux le visage du Christ. Il proph\u00e9tise aussi l\u2019\u00e9mergence des \u00ab ap\u00f4tres des derniers temps \u00bb, anim\u00e9s par l\u2019Esprit et Marie, pour renouveler la foi et pr\u00e9parer le r\u00e8gne de Dieu.<\/p><ol start=\"6\"><li><strong> Dimension Eschatologique : Vers le R\u00e8gne de Dieu<\/strong><\/li><\/ol><p>La spiritualit\u00e9 montfortaine est tendue vers l\u2019avenir. Montfort m\u00e9dite sur les fins derni\u00e8res \u2013 mort, jugement, ciel ou enfer \u2013 pour r\u00e9veiller les consciences. Il voit l\u2019histoire comme une marche vers le r\u00e8gne de Dieu, r\u00e9alis\u00e9 par le Christ et ses disciples, avec Marie comme collaboratrice privil\u00e9gi\u00e9e.<\/p>\t\t\t\t\t\t\t\t<\/div>\n\t\t\t\t<\/div>\n\t\t\t\t<\/div>\n\t\t\t\t\t<\/div>\n\t\t\t\t<\/div>\n\t\t<div class=\"elementor-element elementor-element-a500694 e-flex e-con-boxed e-con e-parent\" data-id=\"a500694\" data-element_type=\"container\" data-e-type=\"container\">\n\t\t\t\t\t<div class=\"e-con-inner\">\n\t\t<div class=\"elementor-element elementor-element-ac45d22 e-con-full e-flex e-con e-child\" data-id=\"ac45d22\" data-element_type=\"container\" data-e-type=\"container\">\n\t\t\t\t<div class=\"elementor-element elementor-element-f186708 elementor-widget elementor-widget-text-editor\" data-id=\"f186708\" data-element_type=\"widget\" data-e-type=\"widget\" data-widget_type=\"text-editor.default\">\n\t\t\t\t<div class=\"elementor-widget-container\">\n\t\t\t\t\t\t\t\t\t<h3><strong><span style=\"color: #117eae;\">Une Spiritualit\u00e9 pour Aujourd\u2019hui<\/span><\/strong><\/h3><p>Pourquoi Montfort parle-t-il encore \u00e0 notre \u00e9poque ? Le <em>Dictionnaire de spiritualit\u00e9 montfortaine<\/em>, publi\u00e9 sous l\u2019\u00e9gide des Conseils g\u00e9n\u00e9raux des congr\u00e9gations montfortaines (Compagnie de Marie, Filles de la Sagesse, Fr\u00e8res de Saint-Gabriel), offre une r\u00e9ponse : sa pens\u00e9e, bien que n\u00e9e au XVIIe si\u00e8cle, s\u2019adapte aux d\u00e9fis modernes gr\u00e2ce \u00e0 une m\u00e9thode appel\u00e9e \u00ab cercle herm\u00e9neutique \u00bb. Cela signifie partir des r\u00e9alit\u00e9s actuelles (progr\u00e8s, espoirs, crises), revisiter l\u2019exp\u00e9rience de Montfort, et actualiser ses intuitions pour aujourd\u2019hui.<\/p><p>Dans un monde marqu\u00e9 par la rapidit\u00e9, le consum\u00e9risme et les in\u00e9galit\u00e9s, Montfort propose :<\/p><ul><li><strong>Un retour \u00e0 l\u2019essentiel<\/strong> : chercher Dieu seul, au-del\u00e0 des distractions.<\/li><li><strong>Une \u00e9cologie spirituelle<\/strong> : voir la cr\u00e9ation comme un don du P\u00e8re.<\/li><li><strong>Un engagement concret<\/strong> : servir les pauvres, comme il le fit \u00e0 l\u2019h\u00f4pital de Poitiers avec Marie-Louise Trichet.<\/li><li><strong>Une foi incarn\u00e9e<\/strong> : s\u2019adapter aux cultures locales, comme le montre l\u2019inculturation de sa spiritualit\u00e9 en Afrique ou en Asie.<\/li><\/ul><p>Le <em>Dictionnaire<\/em> explore ces th\u00e8mes et bien d\u2019autres (amiti\u00e9, providence, \u00e9ducation), montrant que Montfort n\u2019est pas fig\u00e9 dans le pass\u00e9 mais qu\u2019il dialogue avec le pr\u00e9sent.<\/p>\t\t\t\t\t\t\t\t<\/div>\n\t\t\t\t<\/div>\n\t\t\t\t<\/div>\n\t\t<div class=\"elementor-element elementor-element-8341171 e-con-full e-flex e-con e-child\" data-id=\"8341171\" data-element_type=\"container\" data-e-type=\"container\">\n\t\t\t\t<div class=\"elementor-element elementor-element-18f3929 elementor-widget elementor-widget-text-editor\" data-id=\"18f3929\" data-element_type=\"widget\" data-e-type=\"widget\" data-widget_type=\"text-editor.default\">\n\t\t\t\t<div class=\"elementor-widget-container\">\n\t\t\t\t\t\t\t\t\t<h2 style=\"text-align: center;\"><strong>Comment Vivre la Spiritualit\u00e9 Montfortaine ?<\/strong><\/h2><p>Voici des \u00e9tapes pratiques pour entrer dans cette voie :<\/p><ol><li><span style=\"color: #800000;\"><strong>D\u00e9couvrez ses \u00e9crits<\/strong> :<\/span> Lisez le <em>Trait\u00e9 de la vraie d\u00e9votion \u00e0 Marie<\/em> (disponible depuis 1966 dans les <em>\u0152uvres compl\u00e8tes<\/em>) ou ses <em>Cantiques<\/em>, le Secret de Marie et tant d&rsquo;autres.<\/li><li><span style=\"color: #800000;\"><strong>Priez avec Montfort<\/strong> <\/span>: Adoptez sa \u00ab\u00a0M\u00e9thode pour prier le Rosaire\u00a0\u00bb, ou priez <em>pour obtenir des \u00ab\u00a0vrais missionnaires<\/em>\u00a0\u00bb en se joignant \u00e0 la <strong><span style=\"color: #3366ff;\">Marche Montfortaine<\/span><\/strong>.<\/li><li><span style=\"color: #800000;\"><strong>Consacrez-vous \u00e0 Marie<\/strong> :<\/span> Suivez sa m\u00e9thode de cons\u00e9cration sur 33 jours, d\u00e9crite dans le <em>Secret de Marie<\/em>. En rejoignant la <span style=\"color: #3366ff;\"><strong>Fraternit\u00e9 Mariale Montfortaine.<\/strong><\/span><\/li><li><span style=\"color: #800000;\"><strong>Servez les autres<\/strong> :<\/span> Imitez son z\u00e8le en soutenant les d\u00e9munis ou en partageant la foi dans votre entourage.<\/li><\/ol>\t\t\t\t\t\t\t\t<\/div>\n\t\t\t\t<\/div>\n\t\t\t\t<\/div>\n\t\t\t\t\t<\/div>\n\t\t\t\t<\/div>\n\t\t\t\t<section class=\"elementor-section elementor-top-section elementor-element elementor-element-9wfqnrx elementor-section-boxed elementor-section-height-default elementor-section-height-default\" data-id=\"9wfqnrx\" data-element_type=\"section\" data-e-type=\"section\" data-settings=\"{&quot;background_background&quot;:&quot;classic&quot;,&quot;shape_divider_bottom&quot;:&quot;drops&quot;,&quot;shape_divider_top&quot;:&quot;drops&quot;,&quot;shape_divider_bottom_negative&quot;:&quot;yes&quot;}\">\n\t\t\t\t\t<div class=\"elementor-shape elementor-shape-top\" aria-hidden=\"true\" data-negative=\"false\">\n\t\t\t<svg xmlns=\"http:\/\/www.w3.org\/2000\/svg\" height=\"100%\" viewBox=\"0 0 283.5 27.8\" preserveAspectRatio=\"xMidYMax slice\">\n\t<path class=\"elementor-shape-fill\" d=\"M0 0v1.4c.6.7 1.1 1.4 1.4 2 2 3.8 2.2 6.6 1.8 10.8-.3 3.3-2.4 9.4 0 12.3 1.7 2 3.7 1.4 4.6-.9 1.4-3.8-.7-8.2-.6-12 .1-3.7 3.2-5.5 6.9-4.9 4 .6 4.8 4 4.9 7.4.1 1.8-1.1 7 0 8.5.6.8 1.6 1.2 2.4.5 1.4-1.1.1-5.4.1-6.9.1-3.7.3-8.6 4.1-10.5 5-2.5 6.2 1.6 5.4 5.6-.4 1.7-1 9.2 2.9 6.3 1.5-1.1.7-3.5.5-4.9-.4-2.4-.4-4.3 1-6.5.9-1.4 2.4-3.1 4.2-3 2.4.1 2.7 2.2 4 3.7 1.5 1.8 1.8 2.2 3 .1 1.1-1.9 1.2-2.8 3.6-3.3 1.3-.3 4.8-1.4 5.9-.5 1.5 1.1.6 2.8.4 4.3-.2 1.1-.6 4 1.8 3.4 1.7-.4-.3-4.1.6-5.6 1.3-2.2 5.8-1.4 7 .5 1.3 2.1.5 5.8.1 8.1s-1.2 5-.6 7.4c1.3 5.1 4.4.9 4.3-2.4-.1-4.4-2-8.8-.5-13 .9-2.4 4.6-6.6 7.7-4.5 2.7 1.8.5 7.8.2 10.3-.2 1.7-.8 4.6.2 6.2.9 1.4 2 1.5 2.6-.3.5-1.5-.9-4.5-1-6.1-.2-1.7-.4-3.7.2-5.4 1.8-5.6 3.5 2.4 6.3.6 1.4-.9 4.3-9.4 6.1-3.1.6 2.2-1.3 7.8.7 8.9 4.2 2.3 1.5-7.1 2.2-8 3.1-4 4.7 3.8 6.1 4.1 3.1.7 2.8-7.9 8.1-4.5 1.7 1.1 2.9 3.3 3.2 5.2.4 2.2-1 4.5-.6 6.6 1 4.3 4.4 1.5 4.4-1.7 0-2.7-3-8.3 1.4-9.1 4.4-.9 7.3 3.5 7.8 6.9.3 2-1.5 10.9 1.3 11.3 4.1.6-3.2-15.7 4.8-15.8 4.7-.1 2.8 4.1 3.9 6.6 1 2.4 2.1 1 2.3-.8.3-1.9-.9-3.2 1.3-4.3 5.9-2.9 5.9 5.4 5.5 8.5-.3 2-1.7 8.4 2 8.1 6.9-.5-2.8-16.9 4.8-18.7 4.7-1.2 6.1 3.6 6.3 7.1.1 1.7-1.2 8.1.6 9.1 3.5 2 1.9-7 2-8.4.2-4 1.2-9.6 6.4-9.8 4.7-.2 3.2 4.6 2.7 7.5-.4 2.2 1.3 8.6 3.8 4.4 1.1-1.9-.3-4.1-.3-6 0-1.7.4-3.2 1.3-4.6 1-1.6 2.9-3.5 5.1-2.9 2.5.6 2.3 4.1 4.1 4.9 1.9.8 1.6-.9 2.3-2.1 1.2-2.1 2.1-2.1 4.4-2.4 1.4-.2 3.6-1.5 4.9-.5 2.3 1.7-.7 4.4.1 6.5.6 1.5 2.1 1.7 2.8.3.7-1.4-1.1-3.4-.3-4.8 1.4-2.5 6.2-1.2 7.2 1 2.3 4.8-3.3 12-.2 16.3 3 4.1 3.9-2.8 3.8-4.8-.4-4.3-2.1-8.9 0-13.1 1.3-2.5 5.9-5.7 7.9-2.4 2 3.2-1.3 9.8-.8 13.4.5 4.4 3.5 3.3 2.7-.8-.4-1.9-2.4-10 .6-11.1 3.7-1.4 2.8 7.2 6.5.4 2.2-4.1 4.9-3.1 5.2 1.2.1 1.5-.6 3.1-.4 4.6.2 1.9 1.8 3.7 3.3 1.3 1-1.6-2.6-10.4 2.9-7.3 2.6 1.5 1.6 6.5 4.8 2.7 1.3-1.5 1.7-3.6 4-3.7 2.2-.1 4 2.3 4.8 4.1 1.3 2.9-1.5 8.4.9 10.3 4.2 3.3 3-5.5 2.7-6.9-.6-3.9 1-7.2 5.5-5 4.1 2.1 4.3 7.7 4.1 11.6 0 .8-.6 9.5 2.5 5.2 1.2-1.7-.1-7.7.1-9.6.3-2.9 1.2-5.5 4.3-6.2 4.5-1 7.7 1.5 7.4 5.8-.2 3.5-1.8 7.7-.5 11.1 1 2.7 3.6 2.8 5 .2 1.6-3.1 0-8.3-.4-11.6-.4-4.2-.2-7 1.8-10.8 0 0-.1.1-.1.2-.2.4-.3.7-.4.8v.1c-.1.2-.1.2 0 0v-.1l.4-.8c0-.1.1-.1.1-.2.2-.4.5-.8.8-1.2V0H0zM282.7 3.4z\"\/>\n<\/svg>\t\t<\/div>\n\t\t\t\t<div class=\"elementor-shape elementor-shape-bottom\" aria-hidden=\"true\" data-negative=\"true\">\n\t\t\t<svg xmlns=\"http:\/\/www.w3.org\/2000\/svg\" height=\"100%\" viewBox=\"0 0 283.5 27.8\" preserveAspectRatio=\"xMidYMax slice\">\n\t<path class=\"elementor-shape-fill\" d=\"M282.7 3.4c-2 3.8-2.2 6.6-1.8 10.8.3 3.3 2 8.5.4 11.6-1.4 2.6-4 2.5-5-.2-1.2-3.4.3-7.6.5-11.1.3-4.3-2.9-6.9-7.4-5.8-3.1.7-4.1 3.3-4.3 6.2-.2 2 1.2 8-.1 9.6-3.1 4.3-2.5-4.5-2.5-5.2.1-4-.1-9.6-4.1-11.6-4.5-2.3-6.1 1-5.5 5 .2 1.4 1.5 10.2-2.7 6.9-2.5-1.9.4-7.5-.9-10.3-.8-1.8-2.6-4.2-4.8-4.1-2.4.1-2.7 2.2-4 3.7-3.3 3.8-2.2-1.2-4.8-2.7-5.5-3.1-2 5.6-2.9 7.3-1.4 2.4-3.1.6-3.3-1.3-.1-1.5.5-3.1.4-4.6-.3-4.3-2.9-5.3-5.2-1.2-3.7 6.7-2.8-1.9-6.5-.4-3 1.1-.9 9.2-.6 11.1.7 4.1-2.2 5.2-2.7.8-.4-3.6 2.8-10.2.8-13.4-2.1-3.3-6.7-.1-7.9 2.4-2.1 4.2-.4 8.7 0 13.1.2 2-.8 8.9-3.8 4.8-3.1-4.3 2.5-11.6.2-16.3-1.1-2.2-5.8-3.5-7.2-1-.8 1.4 1 3.4.3 4.8s-2.2 1.2-2.8-.3c-.8-2.1 2.2-4.8-.1-6.5-1.3-.9-3.5.3-4.9.5-2.4-.1-3.3 0-4.5 2-.7 1.2-.4 3-2.3 2.1-1.9-.8-1.7-4.3-4.1-4.9-2.1-.6-4 1.3-5.1 2.9-.9 1.4-1.3 3-1.3 4.6 0 1.9 1.4 4.2.3 6-2.4 4.2-4.2-2.2-3.8-4.4.5-2.9 2-7.7-2.7-7.5-5.2.3-6.1 5.8-6.4 9.8-.1 1.3 1.5 10.4-2 8.4-1.8-1-.5-7.5-.6-9.1-.1-3.5-1.6-8.3-6.3-7.1-7.6 1.9 2.1 18.2-4.8 18.7-3.7.3-2.3-6.2-2-8.1.5-3.1.5-11.4-5.5-8.5-2.2 1.1-1 2.3-1.3 4.3-.2 1.8-1.3 3.2-2.3.8-1.1-2.5.8-6.7-3.9-6.6-8 .1-.7 16.4-4.8 15.8-2.8-.4-1-9.3-1.3-11.3-.6-3.5-3.5-7.8-7.8-6.9-4.4.9-1.4 6.5-1.4 9.1 0 3.1-3.4 5.9-4.4 1.7-.5-2.2.9-4.4.6-6.6-.3-1.9-1.5-4.1-3.2-5.2-5.3-3.4-4.9 5.2-8.1 4.5-1.4-.3-3-8.1-6.1-4.1-.7.9 2 10.3-2.2 8-2-1.1-.1-6.7-.7-8.9-1.8-6.2-4.7 2.3-6.1 3.1-2.9 1.7-4.6-6.2-6.3-.6-.5 1.7-.4 3.7-.2 5.4.2 1.6 1.5 4.6 1 6.1-.6 1.8-1.7 1.7-2.6.3-1-1.6-.4-4.5-.2-6.2.3-2.5 2.4-8.4-.2-10.3-3.1-2.1-6.8 2.1-7.7 4.5-1.5 4.3.3 8.7.5 13 .1 3.2-3 7.5-4.3 2.4-.6-2.4.2-5.1.6-7.4.4-2.3 1.2-6-.1-8.1-1.2-1.9-5.8-2.7-7-.5-.9 1.6 1.2 5.2-.6 5.6-2.4.6-2-2.3-1.8-3.4.3-1.5 1.1-3.2-.4-4.3-1.2-.9-4.7.3-5.9.5-2.4.5-2.5 1.4-3.6 3.3-1.2 2.1-1.4 1.7-3-.1-1.3-1.5-1.7-3.6-4-3.7-1.8-.1-3.4 1.7-4.2 3-1.4 2.2-1.3 4.1-1 6.5.2 1.4 1 3.8-.5 4.9-3.9 2.9-3.2-4.6-2.9-6.3.8-3.9-.4-8.1-5.4-5.6-3.8 1.9-4.1 6.7-4.1 10.5 0 1.6 1.2 5.8-.1 6.9-.8.7-1.8.3-2.4-.5-1.1-1.5.1-6.7 0-8.5-.1-3.5-.9-6.9-4.9-7.4-3.6-.6-6.7 1.2-6.8 4.9-.1 3.9 2 8.2.6 12-.9 2.4-2.9 2.9-4.6.9-2.4-2.8-.4-9 0-12.3.4-4.2.2-7-1.8-10.8C1.1 2.8.6 2.1 0 1.4v26.4h283.5V2.2c-.3.4-.6.8-.8 1.2z\"\/>\n<\/svg>\t\t<\/div>\n\t\t\t\t\t<div class=\"elementor-container elementor-column-gap-no\">\n\t\t\t\t\t<div class=\"elementor-column elementor-col-100 elementor-top-column elementor-element elementor-element-4d3d6b8\" data-id=\"4d3d6b8\" data-element_type=\"column\" data-e-type=\"column\">\n\t\t\t<div class=\"elementor-widget-wrap elementor-element-populated\">\n\t\t\t\t\t\t<div class=\"elementor-element elementor-element-318e6b9 elementor-widget elementor-widget-heading\" data-id=\"318e6b9\" data-element_type=\"widget\" data-e-type=\"widget\" data-widget_type=\"heading.default\">\n\t\t\t\t<div class=\"elementor-widget-container\">\n\t\t\t\t\t<h2 class=\"elementor-heading-title elementor-size-default\">PRIEZ AVEC NOUS<\/h2>\t\t\t\t<\/div>\n\t\t\t\t<\/div>\n\t\t\t\t<div class=\"elementor-element elementor-element-f430911 elementor-widget elementor-widget-text-editor\" data-id=\"f430911\" data-element_type=\"widget\" data-e-type=\"widget\" data-widget_type=\"text-editor.default\">\n\t\t\t\t<div class=\"elementor-widget-container\">\n\t\t\t\t\t\t\t\t\t<p>Tous les mois, la famille montfortaine prie ensemble malgr\u00e9 la distance et les diff\u00e9rentes occupations<\/p>\t\t\t\t\t\t\t\t<\/div>\n\t\t\t\t<\/div>\n\t\t\t\t<section class=\"elementor-section elementor-inner-section elementor-element elementor-element-6fc14f5 elementor-section-content-middle elementor-section-boxed elementor-section-height-default elementor-section-height-default\" data-id=\"6fc14f5\" data-element_type=\"section\" data-e-type=\"section\">\n\t\t\t\t\t\t<div class=\"elementor-container elementor-column-gap-default\">\n\t\t\t\t\t<div class=\"elementor-column elementor-col-50 elementor-inner-column elementor-element elementor-element-537aeb9\" data-id=\"537aeb9\" data-element_type=\"column\" data-e-type=\"column\" data-settings=\"{&quot;background_background&quot;:&quot;classic&quot;}\">\n\t\t\t<div class=\"elementor-widget-wrap elementor-element-populated\">\n\t\t\t\t\t\t<div class=\"elementor-element elementor-element-d861abc elementor-widget elementor-widget-image\" data-id=\"d861abc\" data-element_type=\"widget\" data-e-type=\"widget\" data-widget_type=\"image.default\">\n\t\t\t\t<div class=\"elementor-widget-container\">\n\t\t\t\t\t\t\t\t\t\t\t\t\t\t\t<img decoding=\"async\" width=\"150\" height=\"150\" src=\"https:\/\/missionnairesmontfortains.fr\/sitevaovao\/wp-content\/uploads\/2025\/03\/OIP-1-150x150.jpg\" class=\"attachment-thumbnail size-thumbnail wp-image-26315\" alt=\"\" srcset=\"https:\/\/missionnairesmontfortains.fr\/sitevaovao\/wp-content\/uploads\/2025\/03\/OIP-1-150x150.jpg 150w, https:\/\/missionnairesmontfortains.fr\/sitevaovao\/wp-content\/uploads\/2025\/03\/OIP-1-300x300.jpg 300w, https:\/\/missionnairesmontfortains.fr\/sitevaovao\/wp-content\/uploads\/2025\/03\/OIP-1.jpg 474w\" sizes=\"(max-width: 150px) 100vw, 150px\" \/>\t\t\t\t\t\t\t\t\t\t\t\t\t\t\t<\/div>\n\t\t\t\t<\/div>\n\t\t\t\t<div class=\"elementor-element elementor-element-1851e12 elementor-widget elementor-widget-heading\" data-id=\"1851e12\" data-element_type=\"widget\" data-e-type=\"widget\" data-widget_type=\"heading.default\">\n\t\t\t\t<div class=\"elementor-widget-container\">\n\t\t\t\t\t<h4 class=\"elementor-heading-title elementor-size-default\">Rosarium<\/h4>\t\t\t\t<\/div>\n\t\t\t\t<\/div>\n\t\t\t\t\t<\/div>\n\t\t<\/div>\n\t\t\t\t<div class=\"elementor-column elementor-col-50 elementor-inner-column elementor-element elementor-element-590cea1\" data-id=\"590cea1\" data-element_type=\"column\" data-e-type=\"column\">\n\t\t\t<div class=\"elementor-widget-wrap elementor-element-populated\">\n\t\t\t\t\t\t<div class=\"elementor-element elementor-element-4d72042 elementor-widget elementor-widget-heading\" data-id=\"4d72042\" data-element_type=\"widget\" data-e-type=\"widget\" data-widget_type=\"heading.default\">\n\t\t\t\t<div class=\"elementor-widget-container\">\n\t\t\t\t\t<h3 class=\"elementor-heading-title elementor-size-medium\">Tous les premiers lundi du mois, priez le Rosaire avec tous les montfortains de l'Europe (EurHope) via zoom.<\/h3>\t\t\t\t<\/div>\n\t\t\t\t<\/div>\n\t\t\t\t<div class=\"elementor-element elementor-element-10ddf71 elementor-align-center elementor-widget elementor-widget-button\" data-id=\"10ddf71\" data-element_type=\"widget\" data-e-type=\"widget\" data-widget_type=\"button.default\">\n\t\t\t\t<div class=\"elementor-widget-container\">\n\t\t\t\t\t\t\t\t\t<div class=\"elementor-button-wrapper\">\n\t\t\t\t\t<a class=\"elementor-button elementor-button-link elementor-size-sm\" href=\"#\">\n\t\t\t\t\t\t<span class=\"elementor-button-content-wrapper\">\n\t\t\t\t\t\t\t\t\t<span class=\"elementor-button-text\">Cliquez ici pour participer<\/span>\n\t\t\t\t\t<\/span>\n\t\t\t\t\t<\/a>\n\t\t\t\t<\/div>\n\t\t\t\t\t\t\t\t<\/div>\n\t\t\t\t<\/div>\n\t\t\t\t\t<\/div>\n\t\t<\/div>\n\t\t\t\t\t<\/div>\n\t\t<\/section>\n\t\t\t\t<section class=\"elementor-section elementor-inner-section elementor-element elementor-element-2c4e20c elementor-section-content-middle elementor-reverse-mobile elementor-section-boxed elementor-section-height-default elementor-section-height-default\" data-id=\"2c4e20c\" data-element_type=\"section\" data-e-type=\"section\">\n\t\t\t\t\t\t<div class=\"elementor-container elementor-column-gap-default\">\n\t\t\t\t\t<div class=\"elementor-column elementor-col-50 elementor-inner-column elementor-element elementor-element-dfe7cf7\" data-id=\"dfe7cf7\" data-element_type=\"column\" data-e-type=\"column\">\n\t\t\t<div class=\"elementor-widget-wrap elementor-element-populated\">\n\t\t\t\t\t\t<div class=\"elementor-element elementor-element-8a472ea elementor-widget elementor-widget-heading\" data-id=\"8a472ea\" data-element_type=\"widget\" data-e-type=\"widget\" data-widget_type=\"heading.default\">\n\t\t\t\t<div class=\"elementor-widget-container\">\n\t\t\t\t\t<h3 class=\"elementor-heading-title elementor-size-medium\">Tous les mois, priez pour les vocations avec les communaut\u00e9s montfortaines en France.<\/h3>\t\t\t\t<\/div>\n\t\t\t\t<\/div>\n\t\t\t\t<div class=\"elementor-element elementor-element-f9ba00f elementor-align-center elementor-widget elementor-widget-button\" data-id=\"f9ba00f\" data-element_type=\"widget\" data-e-type=\"widget\" data-widget_type=\"button.default\">\n\t\t\t\t<div class=\"elementor-widget-container\">\n\t\t\t\t\t\t\t\t\t<div class=\"elementor-button-wrapper\">\n\t\t\t\t\t<a class=\"elementor-button elementor-button-link elementor-size-sm\" href=\"#\">\n\t\t\t\t\t\t<span class=\"elementor-button-content-wrapper\">\n\t\t\t\t\t\t\t\t\t<span class=\"elementor-button-text\">Cliquez ici pour t\u00e9l\u00e9charger le texte<\/span>\n\t\t\t\t\t<\/span>\n\t\t\t\t\t<\/a>\n\t\t\t\t<\/div>\n\t\t\t\t\t\t\t\t<\/div>\n\t\t\t\t<\/div>\n\t\t\t\t\t<\/div>\n\t\t<\/div>\n\t\t\t\t<div class=\"elementor-column elementor-col-50 elementor-inner-column elementor-element elementor-element-c1aad29\" data-id=\"c1aad29\" data-element_type=\"column\" data-e-type=\"column\" data-settings=\"{&quot;background_background&quot;:&quot;classic&quot;}\">\n\t\t\t<div class=\"elementor-widget-wrap elementor-element-populated\">\n\t\t\t\t\t\t<div class=\"elementor-element elementor-element-53274a3 elementor-widget elementor-widget-image\" data-id=\"53274a3\" data-element_type=\"widget\" data-e-type=\"widget\" data-widget_type=\"image.default\">\n\t\t\t\t<div class=\"elementor-widget-container\">\n\t\t\t\t\t\t\t\t\t\t\t\t\t\t\t<img loading=\"lazy\" decoding=\"async\" width=\"150\" height=\"150\" src=\"https:\/\/missionnairesmontfortains.fr\/sitevaovao\/wp-content\/uploads\/2025\/02\/Sans-titre-1-1.svg\" class=\"attachment-thumbnail size-thumbnail wp-image-26155\" alt=\"\" \/>\t\t\t\t\t\t\t\t\t\t\t\t\t\t\t<\/div>\n\t\t\t\t<\/div>\n\t\t\t\t<div class=\"elementor-element elementor-element-cefed6b elementor-widget elementor-widget-heading\" data-id=\"cefed6b\" data-element_type=\"widget\" data-e-type=\"widget\" data-widget_type=\"heading.default\">\n\t\t\t\t<div class=\"elementor-widget-container\">\n\t\t\t\t\t<h4 class=\"elementor-heading-title elementor-size-default\">Pri\u00e8re pour les Vocations<\/h4>\t\t\t\t<\/div>\n\t\t\t\t<\/div>\n\t\t\t\t\t<\/div>\n\t\t<\/div>\n\t\t\t\t\t<\/div>\n\t\t<\/section>\n\t\t\t\t\t<\/div>\n\t\t<\/div>\n\t\t\t\t\t<\/div>\n\t\t<\/section>\n\t\t\t\t<\/div>\n\t\t","protected":false},"excerpt":{"rendered":"<p>La spiritualit\u00e9 montfortaine Pr\u00e8s de trois cents ans apr\u00e8s sa mort, le 28 avril 1716, saint Louis-Marie Grignion de Montfort continue de fasciner et d\u2019attirer des chr\u00e9tiens du monde entier. Ce pr\u00eatre breton, missionnaire apostolique au temp\u00e9rament de feu, a l\u00e9gu\u00e9 une spiritualit\u00e9 profonde, ancr\u00e9e dans l\u2019\u00c9criture sainte et la tradition th\u00e9ologique de l\u2019\u00c9glise catholique. [&hellip;]<\/p>\n","protected":false},"author":1,"featured_media":0,"parent":0,"menu_order":0,"comment_status":"closed","ping_status":"closed","template":"","meta":{"content-type":"","_uag_custom_page_level_css":"","site-sidebar-layout":"default","site-content-layout":"","ast-site-content-layout":"default","site-content-style":"default","site-sidebar-style":"default","ast-global-header-display":"","ast-banner-title-visibility":"","ast-main-header-display":"","ast-hfb-above-header-display":"","ast-hfb-below-header-display":"","ast-hfb-mobile-header-display":"","site-post-title":"","ast-breadcrumbs-content":"","ast-featured-img":"","footer-sml-layout":"","theme-transparent-header-meta":"","adv-header-id-meta":"","stick-header-meta":"","header-above-stick-meta":"","header-main-stick-meta":"","header-below-stick-meta":"","astra-migrate-meta-layouts":"default","ast-page-background-enabled":"default","ast-page-background-meta":{"desktop":{"background-color":"","background-image":"","background-repeat":"repeat","background-position":"center center","background-size":"auto","background-attachment":"scroll","background-type":"","background-media":"","overlay-type":"","overlay-color":"","overlay-opacity":"","overlay-gradient":""},"tablet":{"background-color":"","background-image":"","background-repeat":"repeat","background-position":"center center","background-size":"auto","background-attachment":"scroll","background-type":"","background-media":"","overlay-type":"","overlay-color":"","overlay-opacity":"","overlay-gradient":""},"mobile":{"background-color":"","background-image":"","background-repeat":"repeat","background-position":"center center","background-size":"auto","background-attachment":"scroll","background-type":"","background-media":"","overlay-type":"","overlay-color":"","overlay-opacity":"","overlay-gradient":""}},"ast-content-background-meta":{"desktop":{"background-color":"var(--ast-global-color-5)","background-image":"","background-repeat":"repeat","background-position":"center center","background-size":"auto","background-attachment":"scroll","background-type":"","background-media":"","overlay-type":"","overlay-color":"","overlay-opacity":"","overlay-gradient":""},"tablet":{"background-color":"var(--ast-global-color-5)","background-image":"","background-repeat":"repeat","background-position":"center center","background-size":"auto","background-attachment":"scroll","background-type":"","background-media":"","overlay-type":"","overlay-color":"","overlay-opacity":"","overlay-gradient":""},"mobile":{"background-color":"var(--ast-global-color-5)","background-image":"","background-repeat":"repeat","background-position":"center center","background-size":"auto","background-attachment":"scroll","background-type":"","background-media":"","overlay-type":"","overlay-color":"","overlay-opacity":"","overlay-gradient":""}},"footnotes":""},"class_list":["post-25848","page","type-page","status-publish","hentry"],"uagb_featured_image_src":{"full":false,"thumbnail":false,"medium":false,"medium_large":false,"large":false,"1536x1536":false,"2048x2048":false},"uagb_author_info":{"display_name":"olivier","author_link":""},"uagb_comment_info":0,"uagb_excerpt":"La spiritualit\u00e9 montfortaine Pr\u00e8s de trois cents ans apr\u00e8s sa mort, le 28 avril 1716, saint Louis-Marie Grignion de Montfort continue de fasciner et d\u2019attirer des chr\u00e9tiens du monde entier. Ce pr\u00eatre breton, missionnaire apostolique au temp\u00e9rament de feu, a l\u00e9gu\u00e9 une spiritualit\u00e9 profonde, ancr\u00e9e dans l\u2019\u00c9criture sainte et la tradition th\u00e9ologique de l\u2019\u00c9glise catholique.\u2026","_links":{"self":[{"href":"https:\/\/missionnairesmontfortains.fr\/sitevaovao\/wp-json\/wp\/v2\/pages\/25848","targetHints":{"allow":["GET"]}}],"collection":[{"href":"https:\/\/missionnairesmontfortains.fr\/sitevaovao\/wp-json\/wp\/v2\/pages"}],"about":[{"href":"https:\/\/missionnairesmontfortains.fr\/sitevaovao\/wp-json\/wp\/v2\/types\/page"}],"author":[{"embeddable":true,"href":"https:\/\/missionnairesmontfortains.fr\/sitevaovao\/wp-json\/wp\/v2\/users\/1"}],"replies":[{"embeddable":true,"href":"https:\/\/missionnairesmontfortains.fr\/sitevaovao\/wp-json\/wp\/v2\/comments?post=25848"}],"version-history":[{"count":94,"href":"https:\/\/missionnairesmontfortains.fr\/sitevaovao\/wp-json\/wp\/v2\/pages\/25848\/revisions"}],"predecessor-version":[{"id":29219,"href":"https:\/\/missionnairesmontfortains.fr\/sitevaovao\/wp-json\/wp\/v2\/pages\/25848\/revisions\/29219"}],"wp:attachment":[{"href":"https:\/\/missionnairesmontfortains.fr\/sitevaovao\/wp-json\/wp\/v2\/media?parent=25848"}],"curies":[{"name":"wp","href":"https:\/\/api.w.org\/{rel}","templated":true}]}}